{"id":9606,"date":"2025-08-23T15:19:54","date_gmt":"2025-08-23T15:19:54","guid":{"rendered":"https:\/\/campingmaisonneuve.com\/?page_id=9606\/"},"modified":"2025-08-23T15:29:47","modified_gmt":"2025-08-23T15:29:47","slug":"7-buenas-razones-para-tomar-vacaciones-en-septiembre-en-el-corazon-del-perigord-negro","status":"publish","type":"page","link":"https:\/\/campingmaisonneuve.com\/es\/7-buenas-razones-para-tomar-vacaciones-en-septiembre-en-el-corazon-del-perigord-negro\/","title":{"rendered":"7 buenas razones para tomar vacaciones en septiembre, en el coraz\u00f3n del Perigord Negro"},"content":{"rendered":"\t\t<div data-elementor-type=\"wp-page\" data-elementor-id=\"9606\" class=\"elementor elementor-9606\" data-elementor-post-type=\"page\">\n\t\t\t\t\t\t\t\t\t<section class=\"elementor-section elementor-top-section elementor-element elementor-element-1954ffc elementor-section-boxed elementor-section-gap-beside-yes elementor-section-height-default elementor-section-height-default elementor-section-column-vertical-align-stretch\" data-id=\"1954ffc\" data-element_type=\"section\">\n\t\t\t\t\t\t<div class=\"elementor-container elementor-column-gap-extended\">\n\t\t\t\t\t<div class=\"elementor-column elementor-col-100 elementor-top-column elementor-element elementor-element-86aebc5\" data-id=\"86aebc5\" data-element_type=\"column\">\n\t\t\t<div class=\"elementor-widget-wrap elementor-element-populated\">\n\t\t\t\t\t\t\t\t<div class=\"elementor-element elementor-element-11803d1 elementor-widget__width-initial elementor-invisible elementor-widget elementor-widget-text-editor\" data-id=\"11803d1\" data-element_type=\"widget\" data-settings=\"{&quot;_animation&quot;:&quot;nussFadeInUp&quot;}\" data-widget_type=\"text-editor.default\">\n\t\t\t\t<div class=\"elementor-widget-container\">\n\t\t\t<style>\/*! elementor - v3.18.0 - 20-12-2023 *\/\n.elementor-widget-text-editor.elementor-drop-cap-view-stacked .elementor-drop-cap{background-color:#69727d;color:#fff}.elementor-widget-text-editor.elementor-drop-cap-view-framed .elementor-drop-cap{color:#69727d;border:3px solid;background-color:transparent}.elementor-widget-text-editor:not(.elementor-drop-cap-view-default) .elementor-drop-cap{margin-top:8px}.elementor-widget-text-editor:not(.elementor-drop-cap-view-default) .elementor-drop-cap-letter{width:1em;height:1em}.elementor-widget-text-editor .elementor-drop-cap{float:left;text-align:center;line-height:1;font-size:50px}.elementor-widget-text-editor .elementor-drop-cap-letter{display:inline-block}<\/style>\t\t\t\t<p>7 buenas razones para tomar vacaciones en septiembre, en el coraz\u00f3n del Perigord Negro<\/p>\t\t\t\t\t\t<\/div>\n\t\t\t\t<\/div>\n\t\t\t\t<div class=\"elementor-element elementor-element-03f00bd elementor-widget elementor-widget-heading\" data-id=\"03f00bd\" data-element_type=\"widget\" data-widget_type=\"heading.default\">\n\t\t\t\t<div class=\"elementor-widget-container\">\n\t\t\t<style>\/*! elementor - v3.18.0 - 20-12-2023 *\/\n.elementor-heading-title{padding:0;margin:0;line-height:1}.elementor-widget-heading .elementor-heading-title[class*=elementor-size-]>a{color:inherit;font-size:inherit;line-height:inherit}.elementor-widget-heading .elementor-heading-title.elementor-size-small{font-size:15px}.elementor-widget-heading .elementor-heading-title.elementor-size-medium{font-size:19px}.elementor-widget-heading .elementor-heading-title.elementor-size-large{font-size:29px}.elementor-widget-heading .elementor-heading-title.elementor-size-xl{font-size:39px}.elementor-widget-heading .elementor-heading-title.elementor-size-xxl{font-size:59px}<\/style><p class=\"elementor-heading-title elementor-size-default\">El verano llega a su fin... Y, sin embargo, es precisamente en este momento cuando comienza una de las temporadas m\u00e1s maravillosas para escapar. Septiembre ofrece una experiencia \u00fanica, especialmente en un lugar rico en naturaleza y patrimonio como el Perigord Negro.\nSituado cerca de Sarlat, el Camping Maisonneuve te ofrece el lugar ideal para saborear plenamente la naturaleza y el patrimonio durante este per\u00edodo, en un marco tranquilo.<\/p>\t\t<\/div>\n\t\t\t\t<\/div>\n\t\t\t\t<div class=\"elementor-element elementor-element-94cbcf7 elementor-widget__width-initial elementor-invisible elementor-widget elementor-widget-text-editor\" data-id=\"94cbcf7\" data-element_type=\"widget\" data-settings=\"{&quot;_animation&quot;:&quot;nussFadeInUp&quot;}\" data-widget_type=\"text-editor.default\">\n\t\t\t\t<div class=\"elementor-widget-container\">\n\t\t\t\t\t\t\t<h3 class=\"western\"><strong>He aqu\u00ed siete razones clave para elegir unas vacaciones en la Dordo\u00f1a, con nosotros, en septiembre:<\/strong><\/h3>\t\t\t\t\t\t<\/div>\n\t\t\t\t<\/div>\n\t\t\t\t\t<\/div>\n\t\t<\/div>\n\t\t\t\t\t\t\t<\/div>\n\t\t<\/section>\n\t\t\t\t<section class=\"elementor-section elementor-top-section elementor-element elementor-element-b2344ff elementor-section-gap-beside-no elementor-section-boxed elementor-section-height-default elementor-section-height-default elementor-section-column-vertical-align-stretch\" data-id=\"b2344ff\" data-element_type=\"section\">\n\t\t\t\t\t\t<div class=\"elementor-container elementor-column-gap-extended\">\n\t\t\t\t\t<div class=\"elementor-column elementor-col-50 elementor-top-column elementor-element elementor-element-4b9e677\" data-id=\"4b9e677\" data-element_type=\"column\">\n\t\t\t<div class=\"elementor-widget-wrap elementor-element-populated\">\n\t\t\t\t\t\t\t\t<div class=\"elementor-element elementor-element-f222aa6 elementor-invisible elementor-widget elementor-widget-nuss-heading\" data-id=\"f222aa6\" data-element_type=\"widget\" data-settings=\"{&quot;_animation&quot;:&quot;nussFadeInUp&quot;}\" data-widget_type=\"nuss-heading.default\">\n\t\t\t\t<div class=\"elementor-widget-container\">\n\t\t\t\t\t<div class=\"nuss-modern-heading\">\n\t\t\t\n\t\t\t\t\t<div class=\"heading-primary-wrap\">\n\t\t\t<span class=\"heading-primary elementor-heading-title\">1. \ud83c\udf3f Una experiencia<\/span>\t\t<\/div>\n\t\t\n\t\t\t\n\t\t\t\t\t<\/div>\n\t\t\t\t<\/div>\n\t\t\t\t<\/div>\n\t\t\t\t<div class=\"elementor-element elementor-element-fd82a54 elementor-invisible elementor-widget elementor-widget-heading\" data-id=\"fd82a54\" data-element_type=\"widget\" data-settings=\"{&quot;_animation&quot;:&quot;nussFadeInUp&quot;}\" data-widget_type=\"heading.default\">\n\t\t\t\t<div class=\"elementor-widget-container\">\n\t\t\t<h3 class=\"elementor-heading-title elementor-size-default\">m\u00e1s personal y aut\u00e9ntica<\/h3>\t\t<\/div>\n\t\t\t\t<\/div>\n\t\t\t\t<div class=\"elementor-element elementor-element-bc0b7e2 elementor-invisible elementor-widget elementor-widget-text-editor\" data-id=\"bc0b7e2\" data-element_type=\"widget\" data-settings=\"{&quot;_animation&quot;:&quot;nussFadeInUp&quot;}\" data-widget_type=\"text-editor.default\">\n\t\t\t\t<div class=\"elementor-widget-container\">\n\t\t\t\t\t\t\t<p>En septiembre, el camping recupera su tranquilidad. Lejos del bullicio estival, podr\u00e1s disfrutar de una escapada m\u00e1s \u00edntima, en contacto directo con la naturaleza. Imag\u00ednate despertando con el suave murmullo del r\u00edo C\u00e9ou, con apenas unos pocos campistas a tu alrededor, y el canto de los p\u00e1jaros como despertador\u2026 Es el momento perfecto para charlar con los lugare\u00f1os, compartir una copa con otros vacacionistas o simplemente relajarse con un buen libro bajo un \u00e1rbol.<\/p>\t\t\t\t\t\t<\/div>\n\t\t\t\t<\/div>\n\t\t\t\t\t<\/div>\n\t\t<\/div>\n\t\t\t\t<div class=\"elementor-column elementor-col-50 elementor-top-column elementor-element elementor-element-4698ec8\" data-id=\"4698ec8\" data-element_type=\"column\">\n\t\t\t<div class=\"elementor-widget-wrap elementor-element-populated\">\n\t\t\t\t\t\t\t\t<div class=\"elementor-element elementor-element-88e5290 elementor-invisible nuss-elementor-loading nuss-slide-in-right elementor-widget elementor-widget-image\" data-id=\"88e5290\" data-element_type=\"widget\" data-settings=\"{&quot;_animation&quot;:&quot;nussSlideInRight&quot;}\" data-widget_type=\"image.default\">\n\t\t\t\t<div class=\"elementor-widget-container\">\n\t\t\t<style>\/*! elementor - v3.18.0 - 20-12-2023 *\/\n.elementor-widget-image{text-align:center}.elementor-widget-image a{display:inline-block}.elementor-widget-image a img[src$=\".svg\"]{width:48px}.elementor-widget-image img{vertical-align:middle;display:inline-block}<\/style>\t\t\t\t\t\t\t\t\t\t\t\t<img fetchpriority=\"high\" decoding=\"async\" width=\"1600\" height=\"720\" src=\"https:\/\/campingmaisonneuve.com\/60ans\/wp-content\/uploads\/2025\/08\/IMG-20230722-WA0010.jpg\" class=\"attachment-full size-full wp-image-9353\" alt=\"\" srcset=\"https:\/\/campingmaisonneuve.com\/60ans\/wp-content\/uploads\/2025\/08\/IMG-20230722-WA0010.jpg 1600w, https:\/\/campingmaisonneuve.com\/60ans\/wp-content\/uploads\/2025\/08\/IMG-20230722-WA0010-300x135.jpg 300w, https:\/\/campingmaisonneuve.com\/60ans\/wp-content\/uploads\/2025\/08\/IMG-20230722-WA0010-1024x461.jpg 1024w, https:\/\/campingmaisonneuve.com\/60ans\/wp-content\/uploads\/2025\/08\/IMG-20230722-WA0010-768x346.jpg 768w, https:\/\/campingmaisonneuve.com\/60ans\/wp-content\/uploads\/2025\/08\/IMG-20230722-WA0010-1536x691.jpg 1536w\" sizes=\"(max-width: 1600px) 100vw, 1600px\" \/>\t\t\t\t\t\t\t\t\t\t\t\t\t\t\t<\/div>\n\t\t\t\t<\/div>\n\t\t\t\t\t<\/div>\n\t\t<\/div>\n\t\t\t\t\t\t\t<\/div>\n\t\t<\/section>\n\t\t\t\t<section class=\"elementor-section elementor-top-section elementor-element elementor-element-575fc68 elementor-section-gap-beside-no elementor-hidden-mobile elementor-section-boxed elementor-section-height-default elementor-section-height-default elementor-section-column-vertical-align-stretch\" data-id=\"575fc68\" data-element_type=\"section\">\n\t\t\t\t\t\t<div class=\"elementor-container elementor-column-gap-extended\">\n\t\t\t\t\t<div class=\"elementor-column elementor-col-50 elementor-top-column elementor-element elementor-element-dd03a56\" data-id=\"dd03a56\" data-element_type=\"column\">\n\t\t\t<div class=\"elementor-widget-wrap elementor-element-populated\">\n\t\t\t\t\t\t\t\t<div class=\"elementor-element elementor-element-78ab5be elementor-invisible nuss-elementor-loading nuss-slide-in-right elementor-widget elementor-widget-image\" data-id=\"78ab5be\" data-element_type=\"widget\" data-settings=\"{&quot;_animation&quot;:&quot;nussSlideInRight&quot;}\" data-widget_type=\"image.default\">\n\t\t\t\t<div class=\"elementor-widget-container\">\n\t\t\t\t\t\t\t\t\t\t\t\t\t\t\t<img decoding=\"async\" width=\"2560\" height=\"1183\" src=\"https:\/\/campingmaisonneuve.com\/60ans\/wp-content\/uploads\/2025\/08\/20230906_164811-scaled.jpg\" class=\"attachment-full size-full wp-image-9358\" alt=\"\" srcset=\"https:\/\/campingmaisonneuve.com\/60ans\/wp-content\/uploads\/2025\/08\/20230906_164811-scaled.jpg 2560w, https:\/\/campingmaisonneuve.com\/60ans\/wp-content\/uploads\/2025\/08\/20230906_164811-300x139.jpg 300w, https:\/\/campingmaisonneuve.com\/60ans\/wp-content\/uploads\/2025\/08\/20230906_164811-1024x473.jpg 1024w, https:\/\/campingmaisonneuve.com\/60ans\/wp-content\/uploads\/2025\/08\/20230906_164811-768x355.jpg 768w, https:\/\/campingmaisonneuve.com\/60ans\/wp-content\/uploads\/2025\/08\/20230906_164811-1536x710.jpg 1536w, https:\/\/campingmaisonneuve.com\/60ans\/wp-content\/uploads\/2025\/08\/20230906_164811-2048x946.jpg 2048w\" sizes=\"(max-width: 2560px) 100vw, 2560px\" \/>\t\t\t\t\t\t\t\t\t\t\t\t\t\t\t<\/div>\n\t\t\t\t<\/div>\n\t\t\t\t\t<\/div>\n\t\t<\/div>\n\t\t\t\t<div class=\"elementor-column elementor-col-50 elementor-top-column elementor-element elementor-element-364a6b2\" data-id=\"364a6b2\" data-element_type=\"column\">\n\t\t\t<div class=\"elementor-widget-wrap elementor-element-populated\">\n\t\t\t\t\t\t\t\t<div class=\"elementor-element elementor-element-f9f80f6 elementor-invisible elementor-widget elementor-widget-nuss-heading\" data-id=\"f9f80f6\" data-element_type=\"widget\" data-settings=\"{&quot;_animation&quot;:&quot;nussFadeInUp&quot;}\" data-widget_type=\"nuss-heading.default\">\n\t\t\t\t<div class=\"elementor-widget-container\">\n\t\t\t\t\t<div class=\"nuss-modern-heading\">\n\t\t\t\n\t\t\t\t\t<div class=\"heading-primary-wrap\">\n\t\t\t<span class=\"heading-primary elementor-heading-title\">2. \ud83e\uddd8\u200d\u2642\ufe0f Reconectarse con uno mismo\u2026 <\/span>\t\t<\/div>\n\t\t\n\t\t\t\n\t\t\t\t\t<\/div>\n\t\t\t\t<\/div>\n\t\t\t\t<\/div>\n\t\t\t\t<div class=\"elementor-element elementor-element-e60cb65 elementor-invisible elementor-widget elementor-widget-heading\" data-id=\"e60cb65\" data-element_type=\"widget\" data-settings=\"{&quot;_animation&quot;:&quot;nussFadeInUp&quot;}\" data-widget_type=\"heading.default\">\n\t\t\t\t<div class=\"elementor-widget-container\">\n\t\t\t<h3 class=\"elementor-heading-title elementor-size-default\">en plena naturaleza<\/h3>\t\t<\/div>\n\t\t\t\t<\/div>\n\t\t\t\t<div class=\"elementor-element elementor-element-ccbb94d elementor-invisible elementor-widget elementor-widget-text-editor\" data-id=\"ccbb94d\" data-element_type=\"widget\" data-settings=\"{&quot;_animation&quot;:&quot;nussFadeInUp&quot;}\" data-widget_type=\"text-editor.default\">\n\t\t\t\t<div class=\"elementor-widget-container\">\n\t\t\t\t\t\t\t<p>Irse en septiembre es tambi\u00e9n regalarse un verdadero tiempo para uno mismo. Menos presi\u00f3n, sin multitudes, sin obligaciones de agenda. El Camping Maisonneuve, enclavado entre acantilados, un r\u00edo y un bosque, favorece esta reconexi\u00f3n: desconexi\u00f3n digital, reconexi\u00f3n interior.<\/p>\t\t\t\t\t\t<\/div>\n\t\t\t\t<\/div>\n\t\t\t\t\t<\/div>\n\t\t<\/div>\n\t\t\t\t\t\t\t<\/div>\n\t\t<\/section>\n\t\t\t\t<section class=\"elementor-section elementor-top-section elementor-element elementor-element-9f4f80b elementor-section-gap-beside-no elementor-hidden-desktop elementor-hidden-tablet elementor-section-boxed elementor-section-height-default elementor-section-height-default elementor-section-column-vertical-align-stretch\" data-id=\"9f4f80b\" data-element_type=\"section\">\n\t\t\t\t\t\t<div class=\"elementor-container elementor-column-gap-extended\">\n\t\t\t\t\t<div class=\"elementor-column elementor-col-50 elementor-top-column elementor-element elementor-element-421d81c\" data-id=\"421d81c\" data-element_type=\"column\">\n\t\t\t<div class=\"elementor-widget-wrap elementor-element-populated\">\n\t\t\t\t\t\t\t\t<div class=\"elementor-element elementor-element-919eb26 elementor-invisible elementor-widget elementor-widget-nuss-heading\" data-id=\"919eb26\" data-element_type=\"widget\" data-settings=\"{&quot;_animation&quot;:&quot;nussFadeInUp&quot;}\" data-widget_type=\"nuss-heading.default\">\n\t\t\t\t<div class=\"elementor-widget-container\">\n\t\t\t\t\t<div class=\"nuss-modern-heading\">\n\t\t\t\n\t\t\t\t\t<div class=\"heading-primary-wrap\">\n\t\t\t<span class=\"heading-primary elementor-heading-title\">2. \ud83e\uddd8\u200d\u2642\ufe0f Reconectarse con uno mismo\u2026 <\/span>\t\t<\/div>\n\t\t\n\t\t\t\n\t\t\t\t\t<\/div>\n\t\t\t\t<\/div>\n\t\t\t\t<\/div>\n\t\t\t\t<div class=\"elementor-element elementor-element-2ebfeef elementor-invisible elementor-widget elementor-widget-heading\" data-id=\"2ebfeef\" data-element_type=\"widget\" data-settings=\"{&quot;_animation&quot;:&quot;nussFadeInUp&quot;}\" data-widget_type=\"heading.default\">\n\t\t\t\t<div class=\"elementor-widget-container\">\n\t\t\t<h3 class=\"elementor-heading-title elementor-size-default\">en plena naturaleza<\/h3>\t\t<\/div>\n\t\t\t\t<\/div>\n\t\t\t\t<div class=\"elementor-element elementor-element-ca7e87e elementor-invisible elementor-widget elementor-widget-text-editor\" data-id=\"ca7e87e\" data-element_type=\"widget\" data-settings=\"{&quot;_animation&quot;:&quot;nussFadeInUp&quot;}\" data-widget_type=\"text-editor.default\">\n\t\t\t\t<div class=\"elementor-widget-container\">\n\t\t\t\t\t\t\t<p>Irse en septiembre es tambi\u00e9n regalarse un verdadero tiempo para uno mismo. Menos presi\u00f3n, sin multitudes, sin obligaciones de agenda. El Camping Maisonneuve, enclavado entre acantilados, un r\u00edo y un bosque, favorece esta reconexi\u00f3n: desconexi\u00f3n digital, reconexi\u00f3n interior.<\/p>\t\t\t\t\t\t<\/div>\n\t\t\t\t<\/div>\n\t\t\t\t\t<\/div>\n\t\t<\/div>\n\t\t\t\t<div class=\"elementor-column elementor-col-50 elementor-top-column elementor-element elementor-element-e3e1ae8\" data-id=\"e3e1ae8\" data-element_type=\"column\">\n\t\t\t<div class=\"elementor-widget-wrap elementor-element-populated\">\n\t\t\t\t\t\t\t\t<div class=\"elementor-element elementor-element-f020929 elementor-invisible nuss-elementor-loading nuss-slide-in-right elementor-widget elementor-widget-image\" data-id=\"f020929\" data-element_type=\"widget\" data-settings=\"{&quot;_animation&quot;:&quot;nussSlideInRight&quot;}\" data-widget_type=\"image.default\">\n\t\t\t\t<div class=\"elementor-widget-container\">\n\t\t\t\t\t\t\t\t\t\t\t\t\t\t\t<img decoding=\"async\" width=\"2560\" height=\"1183\" src=\"https:\/\/campingmaisonneuve.com\/60ans\/wp-content\/uploads\/2025\/08\/20230906_164811-scaled.jpg\" class=\"attachment-full size-full wp-image-9358\" alt=\"\" srcset=\"https:\/\/campingmaisonneuve.com\/60ans\/wp-content\/uploads\/2025\/08\/20230906_164811-scaled.jpg 2560w, https:\/\/campingmaisonneuve.com\/60ans\/wp-content\/uploads\/2025\/08\/20230906_164811-300x139.jpg 300w, https:\/\/campingmaisonneuve.com\/60ans\/wp-content\/uploads\/2025\/08\/20230906_164811-1024x473.jpg 1024w, https:\/\/campingmaisonneuve.com\/60ans\/wp-content\/uploads\/2025\/08\/20230906_164811-768x355.jpg 768w, https:\/\/campingmaisonneuve.com\/60ans\/wp-content\/uploads\/2025\/08\/20230906_164811-1536x710.jpg 1536w, https:\/\/campingmaisonneuve.com\/60ans\/wp-content\/uploads\/2025\/08\/20230906_164811-2048x946.jpg 2048w\" sizes=\"(max-width: 2560px) 100vw, 2560px\" \/>\t\t\t\t\t\t\t\t\t\t\t\t\t\t\t<\/div>\n\t\t\t\t<\/div>\n\t\t\t\t\t<\/div>\n\t\t<\/div>\n\t\t\t\t\t\t\t<\/div>\n\t\t<\/section>\n\t\t\t\t<section class=\"elementor-section elementor-top-section elementor-element elementor-element-53f6bc9 elementor-section-gap-beside-no elementor-section-boxed elementor-section-height-default elementor-section-height-default elementor-section-column-vertical-align-stretch\" data-id=\"53f6bc9\" data-element_type=\"section\">\n\t\t\t\t\t\t<div class=\"elementor-container elementor-column-gap-extended\">\n\t\t\t\t\t<div class=\"elementor-column elementor-col-50 elementor-top-column elementor-element elementor-element-d0cd261\" data-id=\"d0cd261\" data-element_type=\"column\">\n\t\t\t<div class=\"elementor-widget-wrap elementor-element-populated\">\n\t\t\t\t\t\t\t\t<div class=\"elementor-element elementor-element-cecc7b4 elementor-invisible elementor-widget elementor-widget-nuss-heading\" data-id=\"cecc7b4\" data-element_type=\"widget\" data-settings=\"{&quot;_animation&quot;:&quot;nussFadeInUp&quot;}\" data-widget_type=\"nuss-heading.default\">\n\t\t\t\t<div class=\"elementor-widget-container\">\n\t\t\t\t\t<div class=\"nuss-modern-heading\">\n\t\t\t\n\t\t\t\t\t<div class=\"heading-primary-wrap\">\n\t\t\t<span class=\"heading-primary elementor-heading-title\">3. \ud83d\udcb0 Vacaciones<\/span>\t\t<\/div>\n\t\t\n\t\t\t\n\t\t\t\t\t<\/div>\n\t\t\t\t<\/div>\n\t\t\t\t<\/div>\n\t\t\t\t<div class=\"elementor-element elementor-element-1106c74 elementor-invisible elementor-widget elementor-widget-heading\" data-id=\"1106c74\" data-element_type=\"widget\" data-settings=\"{&quot;_animation&quot;:&quot;nussFadeInUp&quot;}\" data-widget_type=\"heading.default\">\n\t\t\t\t<div class=\"elementor-widget-container\">\n\t\t\t<h3 class=\"elementor-heading-title elementor-size-default\"> por la mitad de precio<\/h3>\t\t<\/div>\n\t\t\t\t<\/div>\n\t\t\t\t<div class=\"elementor-element elementor-element-558324d elementor-invisible elementor-widget elementor-widget-text-editor\" data-id=\"558324d\" data-element_type=\"widget\" data-settings=\"{&quot;_animation&quot;:&quot;nussFadeInUp&quot;}\" data-widget_type=\"text-editor.default\">\n\t\t\t\t<div class=\"elementor-widget-container\">\n\t\t\t\t\t\t\t<p>\u00a1Es la \u00e9poca m\u00e1s asequible para descubrir el Perigord Negro! En septiembre, los precios de las mobil-homes y las parcelas a menudo se reducen a la mitad en el Camping Maisonneuve. Adem\u00e1s, los viajes (tren, coche) son m\u00e1s baratos y fluidos, y muchos proveedores tur\u00edsticos locales ofrecen descuentos de temporada.<\/p>\t\t\t\t\t\t<\/div>\n\t\t\t\t<\/div>\n\t\t\t\t\t<\/div>\n\t\t<\/div>\n\t\t\t\t<div class=\"elementor-column elementor-col-50 elementor-top-column elementor-element elementor-element-aabc499\" data-id=\"aabc499\" data-element_type=\"column\">\n\t\t\t<div class=\"elementor-widget-wrap elementor-element-populated\">\n\t\t\t\t\t\t\t\t<div class=\"elementor-element elementor-element-bde7378 elementor-invisible nuss-elementor-loading nuss-slide-in-right elementor-widget elementor-widget-image\" data-id=\"bde7378\" data-element_type=\"widget\" data-settings=\"{&quot;_animation&quot;:&quot;nussSlideInRight&quot;}\" data-widget_type=\"image.default\">\n\t\t\t\t<div class=\"elementor-widget-container\">\n\t\t\t\t\t\t\t\t\t\t\t\t\t\t\t<img decoding=\"async\" width=\"2560\" height=\"1920\" src=\"https:\/\/campingmaisonneuve.com\/60ans\/wp-content\/uploads\/2025\/08\/image00028-scaled.jpeg\" class=\"attachment-full size-full wp-image-9363\" alt=\"\" srcset=\"https:\/\/campingmaisonneuve.com\/60ans\/wp-content\/uploads\/2025\/08\/image00028-scaled.jpeg 2560w, https:\/\/campingmaisonneuve.com\/60ans\/wp-content\/uploads\/2025\/08\/image00028-300x225.jpeg 300w, https:\/\/campingmaisonneuve.com\/60ans\/wp-content\/uploads\/2025\/08\/image00028-1024x768.jpeg 1024w, https:\/\/campingmaisonneuve.com\/60ans\/wp-content\/uploads\/2025\/08\/image00028-768x576.jpeg 768w, https:\/\/campingmaisonneuve.com\/60ans\/wp-content\/uploads\/2025\/08\/image00028-1536x1152.jpeg 1536w, https:\/\/campingmaisonneuve.com\/60ans\/wp-content\/uploads\/2025\/08\/image00028-2048x1536.jpeg 2048w\" sizes=\"(max-width: 2560px) 100vw, 2560px\" \/>\t\t\t\t\t\t\t\t\t\t\t\t\t\t\t<\/div>\n\t\t\t\t<\/div>\n\t\t\t\t\t<\/div>\n\t\t<\/div>\n\t\t\t\t\t\t\t<\/div>\n\t\t<\/section>\n\t\t\t\t<section class=\"elementor-section elementor-top-section elementor-element elementor-element-9021703 elementor-section-gap-beside-no elementor-hidden-mobile elementor-section-boxed elementor-section-height-default elementor-section-height-default elementor-section-column-vertical-align-stretch\" data-id=\"9021703\" data-element_type=\"section\">\n\t\t\t\t\t\t<div class=\"elementor-container elementor-column-gap-extended\">\n\t\t\t\t\t<div class=\"elementor-column elementor-col-50 elementor-top-column elementor-element elementor-element-9335b1d\" data-id=\"9335b1d\" data-element_type=\"column\">\n\t\t\t<div class=\"elementor-widget-wrap elementor-element-populated\">\n\t\t\t\t\t\t\t\t<div class=\"elementor-element elementor-element-0987e37 elementor-invisible nuss-elementor-loading nuss-slide-in-right elementor-widget elementor-widget-image\" data-id=\"0987e37\" data-element_type=\"widget\" data-settings=\"{&quot;_animation&quot;:&quot;nussSlideInRight&quot;}\" data-widget_type=\"image.default\">\n\t\t\t\t<div class=\"elementor-widget-container\">\n\t\t\t\t\t\t\t\t\t\t\t\t\t\t\t<img loading=\"lazy\" decoding=\"async\" width=\"2560\" height=\"1280\" src=\"https:\/\/campingmaisonneuve.com\/60ans\/wp-content\/uploads\/2024\/03\/IMG_20200705_143858-scaled.jpg\" class=\"attachment-full size-full wp-image-7932\" alt=\"\" srcset=\"https:\/\/campingmaisonneuve.com\/60ans\/wp-content\/uploads\/2024\/03\/IMG_20200705_143858-scaled.jpg 2560w, https:\/\/campingmaisonneuve.com\/60ans\/wp-content\/uploads\/2024\/03\/IMG_20200705_143858-300x150.jpg 300w, https:\/\/campingmaisonneuve.com\/60ans\/wp-content\/uploads\/2024\/03\/IMG_20200705_143858-1024x512.jpg 1024w, https:\/\/campingmaisonneuve.com\/60ans\/wp-content\/uploads\/2024\/03\/IMG_20200705_143858-768x384.jpg 768w, https:\/\/campingmaisonneuve.com\/60ans\/wp-content\/uploads\/2024\/03\/IMG_20200705_143858-1536x768.jpg 1536w, https:\/\/campingmaisonneuve.com\/60ans\/wp-content\/uploads\/2024\/03\/IMG_20200705_143858-2048x1024.jpg 2048w\" sizes=\"(max-width: 2560px) 100vw, 2560px\" \/>\t\t\t\t\t\t\t\t\t\t\t\t\t\t\t<\/div>\n\t\t\t\t<\/div>\n\t\t\t\t\t<\/div>\n\t\t<\/div>\n\t\t\t\t<div class=\"elementor-column elementor-col-50 elementor-top-column elementor-element elementor-element-5e304ff\" data-id=\"5e304ff\" data-element_type=\"column\">\n\t\t\t<div class=\"elementor-widget-wrap elementor-element-populated\">\n\t\t\t\t\t\t\t\t<div class=\"elementor-element elementor-element-5897a23 elementor-invisible elementor-widget elementor-widget-nuss-heading\" data-id=\"5897a23\" data-element_type=\"widget\" data-settings=\"{&quot;_animation&quot;:&quot;nussFadeInUp&quot;}\" data-widget_type=\"nuss-heading.default\">\n\t\t\t\t<div class=\"elementor-widget-container\">\n\t\t\t\t\t<div class=\"nuss-modern-heading\">\n\t\t\t\n\t\t\t\t\t<div class=\"heading-primary-wrap\">\n\t\t\t<span class=\"heading-primary elementor-heading-title\">4. \ud83c\udf24\ufe0f El clima ideal:<\/span>\t\t<\/div>\n\t\t\n\t\t\t\n\t\t\t\t\t<\/div>\n\t\t\t\t<\/div>\n\t\t\t\t<\/div>\n\t\t\t\t<div class=\"elementor-element elementor-element-c7f13ea elementor-invisible elementor-widget elementor-widget-heading\" data-id=\"c7f13ea\" data-element_type=\"widget\" data-settings=\"{&quot;_animation&quot;:&quot;nussFadeInUp&quot;}\" data-widget_type=\"heading.default\">\n\t\t\t\t<div class=\"elementor-widget-container\">\n\t\t\t<h3 class=\"elementor-heading-title elementor-size-default\">Sin ola de calor ni lluvia<\/h3>\t\t<\/div>\n\t\t\t\t<\/div>\n\t\t\t\t<div class=\"elementor-element elementor-element-607379a elementor-invisible elementor-widget elementor-widget-text-editor\" data-id=\"607379a\" data-element_type=\"widget\" data-settings=\"{&quot;_animation&quot;:&quot;nussFadeInUp&quot;}\" data-widget_type=\"text-editor.default\">\n\t\t\t\t<div class=\"elementor-widget-container\">\n\t\t\t\t\t\t\t<p>Contrariamente a la creencia popular, septiembre suele ofrecer uno de los climas m\u00e1s agradables de la Dordo\u00f1a: d\u00edas suaves con temperaturas alrededor de 22-26 \u00b0C, noches m\u00e1s frescas (12-14 \u00b0C) perfectas para dormir sin molestias de mosquitos; el sol sigue siendo generoso con poca lluvia. \ud83c\udf1e Ideal para hacer senderismo, visitar lugares de inter\u00e9s, practicar pirag\u00fcismo o hacer un picnic sin los excesos de julio y agosto.<\/p>\t\t\t\t\t\t<\/div>\n\t\t\t\t<\/div>\n\t\t\t\t\t<\/div>\n\t\t<\/div>\n\t\t\t\t\t\t\t<\/div>\n\t\t<\/section>\n\t\t\t\t<section class=\"elementor-section elementor-top-section elementor-element elementor-element-f07b5e3 elementor-section-gap-beside-no elementor-hidden-desktop elementor-hidden-tablet elementor-section-boxed elementor-section-height-default elementor-section-height-default elementor-section-column-vertical-align-stretch\" data-id=\"f07b5e3\" data-element_type=\"section\">\n\t\t\t\t\t\t<div class=\"elementor-container elementor-column-gap-extended\">\n\t\t\t\t\t<div class=\"elementor-column elementor-col-50 elementor-top-column elementor-element elementor-element-355a794\" data-id=\"355a794\" data-element_type=\"column\">\n\t\t\t<div class=\"elementor-widget-wrap elementor-element-populated\">\n\t\t\t\t\t\t\t\t<div class=\"elementor-element elementor-element-c1fdc95 elementor-invisible elementor-widget elementor-widget-nuss-heading\" data-id=\"c1fdc95\" data-element_type=\"widget\" data-settings=\"{&quot;_animation&quot;:&quot;nussFadeInUp&quot;}\" data-widget_type=\"nuss-heading.default\">\n\t\t\t\t<div class=\"elementor-widget-container\">\n\t\t\t\t\t<div class=\"nuss-modern-heading\">\n\t\t\t\n\t\t\t\t\t<div class=\"heading-primary-wrap\">\n\t\t\t<span class=\"heading-primary elementor-heading-title\">4. \ud83c\udf24\ufe0f El clima ideal:<\/span>\t\t<\/div>\n\t\t\n\t\t\t\n\t\t\t\t\t<\/div>\n\t\t\t\t<\/div>\n\t\t\t\t<\/div>\n\t\t\t\t<div class=\"elementor-element elementor-element-e3daf23 elementor-invisible elementor-widget elementor-widget-heading\" data-id=\"e3daf23\" data-element_type=\"widget\" data-settings=\"{&quot;_animation&quot;:&quot;nussFadeInUp&quot;}\" data-widget_type=\"heading.default\">\n\t\t\t\t<div class=\"elementor-widget-container\">\n\t\t\t<h3 class=\"elementor-heading-title elementor-size-default\"> Sin ola de calor ni lluvia<\/h3>\t\t<\/div>\n\t\t\t\t<\/div>\n\t\t\t\t<div class=\"elementor-element elementor-element-ae918af elementor-invisible elementor-widget elementor-widget-text-editor\" data-id=\"ae918af\" data-element_type=\"widget\" data-settings=\"{&quot;_animation&quot;:&quot;nussFadeInUp&quot;}\" data-widget_type=\"text-editor.default\">\n\t\t\t\t<div class=\"elementor-widget-container\">\n\t\t\t\t\t\t\t<p>Contrariamente a la creencia popular, septiembre suele ofrecer uno de los climas m\u00e1s agradables de la Dordo\u00f1a: d\u00edas suaves con temperaturas alrededor de 22-26 \u00b0C, noches m\u00e1s frescas (12-14 \u00b0C) perfectas para dormir sin molestias de mosquitos; el sol sigue siendo generoso con poca lluvia. \ud83c\udf1e Ideal para hacer senderismo, visitar lugares de inter\u00e9s, practicar pirag\u00fcismo o hacer un picnic sin los excesos de julio y agosto.<\/p>\t\t\t\t\t\t<\/div>\n\t\t\t\t<\/div>\n\t\t\t\t\t<\/div>\n\t\t<\/div>\n\t\t\t\t<div class=\"elementor-column elementor-col-50 elementor-top-column elementor-element elementor-element-7e373a3\" data-id=\"7e373a3\" data-element_type=\"column\">\n\t\t\t<div class=\"elementor-widget-wrap elementor-element-populated\">\n\t\t\t\t\t\t\t\t<div class=\"elementor-element elementor-element-83729ad elementor-invisible nuss-elementor-loading nuss-slide-in-right elementor-widget elementor-widget-image\" data-id=\"83729ad\" data-element_type=\"widget\" data-settings=\"{&quot;_animation&quot;:&quot;nussSlideInRight&quot;}\" data-widget_type=\"image.default\">\n\t\t\t\t<div class=\"elementor-widget-container\">\n\t\t\t\t\t\t\t\t\t\t\t\t\t\t\t<img loading=\"lazy\" decoding=\"async\" width=\"2560\" height=\"1280\" src=\"https:\/\/campingmaisonneuve.com\/60ans\/wp-content\/uploads\/2024\/03\/IMG_20200705_143858-scaled.jpg\" class=\"attachment-full size-full wp-image-7932\" alt=\"\" srcset=\"https:\/\/campingmaisonneuve.com\/60ans\/wp-content\/uploads\/2024\/03\/IMG_20200705_143858-scaled.jpg 2560w, https:\/\/campingmaisonneuve.com\/60ans\/wp-content\/uploads\/2024\/03\/IMG_20200705_143858-300x150.jpg 300w, https:\/\/campingmaisonneuve.com\/60ans\/wp-content\/uploads\/2024\/03\/IMG_20200705_143858-1024x512.jpg 1024w, https:\/\/campingmaisonneuve.com\/60ans\/wp-content\/uploads\/2024\/03\/IMG_20200705_143858-768x384.jpg 768w, https:\/\/campingmaisonneuve.com\/60ans\/wp-content\/uploads\/2024\/03\/IMG_20200705_143858-1536x768.jpg 1536w, https:\/\/campingmaisonneuve.com\/60ans\/wp-content\/uploads\/2024\/03\/IMG_20200705_143858-2048x1024.jpg 2048w\" sizes=\"(max-width: 2560px) 100vw, 2560px\" \/>\t\t\t\t\t\t\t\t\t\t\t\t\t\t\t<\/div>\n\t\t\t\t<\/div>\n\t\t\t\t\t<\/div>\n\t\t<\/div>\n\t\t\t\t\t\t\t<\/div>\n\t\t<\/section>\n\t\t\t\t<section class=\"elementor-section elementor-top-section elementor-element elementor-element-6880c38 elementor-section-gap-beside-no elementor-section-boxed elementor-section-height-default elementor-section-height-default elementor-section-column-vertical-align-stretch\" data-id=\"6880c38\" data-element_type=\"section\">\n\t\t\t\t\t\t<div class=\"elementor-container elementor-column-gap-extended\">\n\t\t\t\t\t<div class=\"elementor-column elementor-col-50 elementor-top-column elementor-element elementor-element-aaae3e9\" data-id=\"aaae3e9\" data-element_type=\"column\">\n\t\t\t<div class=\"elementor-widget-wrap elementor-element-populated\">\n\t\t\t\t\t\t\t\t<div class=\"elementor-element elementor-element-16ff111 elementor-invisible elementor-widget elementor-widget-nuss-heading\" data-id=\"16ff111\" data-element_type=\"widget\" data-settings=\"{&quot;_animation&quot;:&quot;nussFadeInUp&quot;}\" data-widget_type=\"nuss-heading.default\">\n\t\t\t\t<div class=\"elementor-widget-container\">\n\t\t\t\t\t<div class=\"nuss-modern-heading\">\n\t\t\t\n\t\t\t\t\t<div class=\"heading-primary-wrap\">\n\t\t\t<span class=\"heading-primary elementor-heading-title\">5. \ud83d\udca1 Luz suave,<\/span>\t\t<\/div>\n\t\t\n\t\t\t\n\t\t\t\t\t<\/div>\n\t\t\t\t<\/div>\n\t\t\t\t<\/div>\n\t\t\t\t<div class=\"elementor-element elementor-element-3736687 elementor-invisible elementor-widget elementor-widget-heading\" data-id=\"3736687\" data-element_type=\"widget\" data-settings=\"{&quot;_animation&quot;:&quot;nussFadeInUp&quot;}\" data-widget_type=\"heading.default\">\n\t\t\t\t<div class=\"elementor-widget-container\">\n\t\t\t<h3 class=\"elementor-heading-title elementor-size-default\"> el marco perfecto para los fot\u00f3grafos<\/h3>\t\t<\/div>\n\t\t\t\t<\/div>\n\t\t\t\t<div class=\"elementor-element elementor-element-c2f1333 elementor-invisible elementor-widget elementor-widget-text-editor\" data-id=\"c2f1333\" data-element_type=\"widget\" data-settings=\"{&quot;_animation&quot;:&quot;nussFadeInUp&quot;}\" data-widget_type=\"text-editor.default\">\n\t\t\t\t<div class=\"elementor-widget-container\">\n\t\t\t\t\t\t\t<p>Septiembre cautiva a los entusiastas de la fotograf\u00eda: la luz tard\u00eda del verano, dorada al amanecer o al atardecer, realza cada toma. Con menos gente, es f\u00e1cil capturar paisajes sin multitudes, obteniendo im\u00e1genes sobrias, aut\u00e9nticas y a menudo encantadoras.<\/p>\t\t\t\t\t\t<\/div>\n\t\t\t\t<\/div>\n\t\t\t\t\t<\/div>\n\t\t<\/div>\n\t\t\t\t<div class=\"elementor-column elementor-col-50 elementor-top-column elementor-element elementor-element-3559e80\" data-id=\"3559e80\" data-element_type=\"column\">\n\t\t\t<div class=\"elementor-widget-wrap elementor-element-populated\">\n\t\t\t\t\t\t\t\t<div class=\"elementor-element elementor-element-f6d2b8b elementor-invisible nuss-elementor-loading nuss-slide-in-right elementor-widget elementor-widget-image\" data-id=\"f6d2b8b\" data-element_type=\"widget\" data-settings=\"{&quot;_animation&quot;:&quot;nussSlideInRight&quot;}\" data-widget_type=\"image.default\">\n\t\t\t\t<div class=\"elementor-widget-container\">\n\t\t\t\t\t\t\t\t\t\t\t\t\t\t\t<img loading=\"lazy\" decoding=\"async\" width=\"2048\" height=\"1536\" src=\"https:\/\/campingmaisonneuve.com\/60ans\/wp-content\/uploads\/2023\/10\/Glamping-in-France-Camping-Maisonneuve-min1.jpg\" class=\"attachment-full size-full wp-image-5541\" alt=\"\" srcset=\"https:\/\/campingmaisonneuve.com\/60ans\/wp-content\/uploads\/2023\/10\/Glamping-in-France-Camping-Maisonneuve-min1.jpg 2048w, https:\/\/campingmaisonneuve.com\/60ans\/wp-content\/uploads\/2023\/10\/Glamping-in-France-Camping-Maisonneuve-min1-300x225.jpg 300w, https:\/\/campingmaisonneuve.com\/60ans\/wp-content\/uploads\/2023\/10\/Glamping-in-France-Camping-Maisonneuve-min1-1024x768.jpg 1024w, https:\/\/campingmaisonneuve.com\/60ans\/wp-content\/uploads\/2023\/10\/Glamping-in-France-Camping-Maisonneuve-min1-768x576.jpg 768w, https:\/\/campingmaisonneuve.com\/60ans\/wp-content\/uploads\/2023\/10\/Glamping-in-France-Camping-Maisonneuve-min1-1536x1152.jpg 1536w, https:\/\/campingmaisonneuve.com\/60ans\/wp-content\/uploads\/2023\/10\/Glamping-in-France-Camping-Maisonneuve-min1-600x450.jpg 600w\" sizes=\"(max-width: 2048px) 100vw, 2048px\" \/>\t\t\t\t\t\t\t\t\t\t\t\t\t\t\t<\/div>\n\t\t\t\t<\/div>\n\t\t\t\t\t<\/div>\n\t\t<\/div>\n\t\t\t\t\t\t\t<\/div>\n\t\t<\/section>\n\t\t\t\t<section class=\"elementor-section elementor-top-section elementor-element elementor-element-e5877e5 elementor-section-gap-beside-no elementor-hidden-mobile elementor-section-boxed elementor-section-height-default elementor-section-height-default elementor-section-column-vertical-align-stretch\" data-id=\"e5877e5\" data-element_type=\"section\">\n\t\t\t\t\t\t<div class=\"elementor-container elementor-column-gap-extended\">\n\t\t\t\t\t<div class=\"elementor-column elementor-col-50 elementor-top-column elementor-element elementor-element-a6c6c56\" data-id=\"a6c6c56\" data-element_type=\"column\">\n\t\t\t<div class=\"elementor-widget-wrap elementor-element-populated\">\n\t\t\t\t\t\t\t\t<div class=\"elementor-element elementor-element-0b252ba elementor-invisible nuss-elementor-loading nuss-slide-in-right elementor-widget elementor-widget-image\" data-id=\"0b252ba\" data-element_type=\"widget\" data-settings=\"{&quot;_animation&quot;:&quot;nussSlideInRight&quot;}\" data-widget_type=\"image.default\">\n\t\t\t\t<div class=\"elementor-widget-container\">\n\t\t\t\t\t\t\t\t\t\t\t\t\t\t\t<img loading=\"lazy\" decoding=\"async\" width=\"2560\" height=\"1920\" src=\"https:\/\/campingmaisonneuve.com\/60ans\/wp-content\/uploads\/2024\/09\/IMG_20180713_215411-scaled.jpg\" class=\"attachment-full size-full wp-image-8292\" alt=\"\" srcset=\"https:\/\/campingmaisonneuve.com\/60ans\/wp-content\/uploads\/2024\/09\/IMG_20180713_215411-scaled.jpg 2560w, https:\/\/campingmaisonneuve.com\/60ans\/wp-content\/uploads\/2024\/09\/IMG_20180713_215411-300x225.jpg 300w, https:\/\/campingmaisonneuve.com\/60ans\/wp-content\/uploads\/2024\/09\/IMG_20180713_215411-1024x768.jpg 1024w, https:\/\/campingmaisonneuve.com\/60ans\/wp-content\/uploads\/2024\/09\/IMG_20180713_215411-768x576.jpg 768w, https:\/\/campingmaisonneuve.com\/60ans\/wp-content\/uploads\/2024\/09\/IMG_20180713_215411-1536x1152.jpg 1536w, https:\/\/campingmaisonneuve.com\/60ans\/wp-content\/uploads\/2024\/09\/IMG_20180713_215411-2048x1536.jpg 2048w\" sizes=\"(max-width: 2560px) 100vw, 2560px\" \/>\t\t\t\t\t\t\t\t\t\t\t\t\t\t\t<\/div>\n\t\t\t\t<\/div>\n\t\t\t\t\t<\/div>\n\t\t<\/div>\n\t\t\t\t<div class=\"elementor-column elementor-col-50 elementor-top-column elementor-element elementor-element-92c421f\" data-id=\"92c421f\" data-element_type=\"column\">\n\t\t\t<div class=\"elementor-widget-wrap elementor-element-populated\">\n\t\t\t\t\t\t\t\t<div class=\"elementor-element elementor-element-772f35c elementor-invisible elementor-widget elementor-widget-nuss-heading\" data-id=\"772f35c\" data-element_type=\"widget\" data-settings=\"{&quot;_animation&quot;:&quot;nussFadeInUp&quot;}\" data-widget_type=\"nuss-heading.default\">\n\t\t\t\t<div class=\"elementor-widget-container\">\n\t\t\t\t\t<div class=\"nuss-modern-heading\">\n\t\t\t\n\t\t\t\t\t<div class=\"heading-primary-wrap\">\n\t\t\t<span class=\"heading-primary elementor-heading-title\">6. \u267b\ufe0f Turismo sostenible,<\/span>\t\t<\/div>\n\t\t\n\t\t\t\n\t\t\t\t\t<\/div>\n\t\t\t\t<\/div>\n\t\t\t\t<\/div>\n\t\t\t\t<div class=\"elementor-element elementor-element-d7bf3be elementor-invisible elementor-widget elementor-widget-heading\" data-id=\"d7bf3be\" data-element_type=\"widget\" data-settings=\"{&quot;_animation&quot;:&quot;nussFadeInUp&quot;}\" data-widget_type=\"heading.default\">\n\t\t\t\t<div class=\"elementor-widget-container\">\n\t\t\t<h3 class=\"elementor-heading-title elementor-size-default\">m\u00e1s responsable<\/h3>\t\t<\/div>\n\t\t\t\t<\/div>\n\t\t\t\t<div class=\"elementor-element elementor-element-be48053 elementor-invisible elementor-widget elementor-widget-text-editor\" data-id=\"be48053\" data-element_type=\"widget\" data-settings=\"{&quot;_animation&quot;:&quot;nussFadeInUp&quot;}\" data-widget_type=\"text-editor.default\">\n\t\t\t\t<div class=\"elementor-widget-container\">\n\t\t\t\t\t\t\t<p>La temporada baja es tambi\u00e9n una expresi\u00f3n del turismo sostenible. Reduce la presi\u00f3n sobre los recursos locales, apoya la econom\u00eda regional y fomenta un enfoque m\u00e1s consciente. Al elegir el Camping Maisonneuve en septiembre, contribuyes a un modelo de viaje respetuoso y solidario.<\/p>\t\t\t\t\t\t<\/div>\n\t\t\t\t<\/div>\n\t\t\t\t\t<\/div>\n\t\t<\/div>\n\t\t\t\t\t\t\t<\/div>\n\t\t<\/section>\n\t\t\t\t<section class=\"elementor-section elementor-top-section elementor-element elementor-element-d6a2b8c elementor-section-gap-beside-no elementor-hidden-desktop elementor-hidden-tablet elementor-section-boxed elementor-section-height-default elementor-section-height-default elementor-section-column-vertical-align-stretch\" data-id=\"d6a2b8c\" data-element_type=\"section\">\n\t\t\t\t\t\t<div class=\"elementor-container elementor-column-gap-extended\">\n\t\t\t\t\t<div class=\"elementor-column elementor-col-50 elementor-top-column elementor-element elementor-element-f7991eb\" data-id=\"f7991eb\" data-element_type=\"column\">\n\t\t\t<div class=\"elementor-widget-wrap elementor-element-populated\">\n\t\t\t\t\t\t\t\t<div class=\"elementor-element elementor-element-08b7a63 elementor-invisible elementor-widget elementor-widget-nuss-heading\" data-id=\"08b7a63\" data-element_type=\"widget\" data-settings=\"{&quot;_animation&quot;:&quot;nussFadeInUp&quot;}\" data-widget_type=\"nuss-heading.default\">\n\t\t\t\t<div class=\"elementor-widget-container\">\n\t\t\t\t\t<div class=\"nuss-modern-heading\">\n\t\t\t\n\t\t\t\t\t<div class=\"heading-primary-wrap\">\n\t\t\t<span class=\"heading-primary elementor-heading-title\">6. \u267b\ufe0f Turismo sostenible, <\/span>\t\t<\/div>\n\t\t\n\t\t\t\n\t\t\t\t\t<\/div>\n\t\t\t\t<\/div>\n\t\t\t\t<\/div>\n\t\t\t\t<div class=\"elementor-element elementor-element-b2b01c5 elementor-invisible elementor-widget elementor-widget-heading\" data-id=\"b2b01c5\" data-element_type=\"widget\" data-settings=\"{&quot;_animation&quot;:&quot;nussFadeInUp&quot;}\" data-widget_type=\"heading.default\">\n\t\t\t\t<div class=\"elementor-widget-container\">\n\t\t\t<h3 class=\"elementor-heading-title elementor-size-default\"> m\u00e1s responsable<\/h3>\t\t<\/div>\n\t\t\t\t<\/div>\n\t\t\t\t<div class=\"elementor-element elementor-element-a16dce8 elementor-invisible elementor-widget elementor-widget-text-editor\" data-id=\"a16dce8\" data-element_type=\"widget\" data-settings=\"{&quot;_animation&quot;:&quot;nussFadeInUp&quot;}\" data-widget_type=\"text-editor.default\">\n\t\t\t\t<div class=\"elementor-widget-container\">\n\t\t\t\t\t\t\t<p>La temporada baja es tambi\u00e9n una expresi\u00f3n del turismo sostenible. Reduce la presi\u00f3n sobre los recursos locales, apoya la econom\u00eda regional y fomenta un enfoque m\u00e1s consciente. Al elegir el Camping Maisonneuve en septiembre, contribuyes a un modelo de viaje respetuoso y solidario.<\/p>\t\t\t\t\t\t<\/div>\n\t\t\t\t<\/div>\n\t\t\t\t\t<\/div>\n\t\t<\/div>\n\t\t\t\t<div class=\"elementor-column elementor-col-50 elementor-top-column elementor-element elementor-element-0146293\" data-id=\"0146293\" data-element_type=\"column\">\n\t\t\t<div class=\"elementor-widget-wrap elementor-element-populated\">\n\t\t\t\t\t\t\t\t<div class=\"elementor-element elementor-element-1d5bbed elementor-invisible nuss-elementor-loading nuss-slide-in-right elementor-widget elementor-widget-image\" data-id=\"1d5bbed\" data-element_type=\"widget\" data-settings=\"{&quot;_animation&quot;:&quot;nussSlideInRight&quot;}\" data-widget_type=\"image.default\">\n\t\t\t\t<div class=\"elementor-widget-container\">\n\t\t\t\t\t\t\t\t\t\t\t\t\t\t\t<img loading=\"lazy\" decoding=\"async\" width=\"2560\" height=\"1920\" src=\"https:\/\/campingmaisonneuve.com\/60ans\/wp-content\/uploads\/2024\/09\/IMG_20180713_215411-scaled.jpg\" class=\"attachment-full size-full wp-image-8292\" alt=\"\" srcset=\"https:\/\/campingmaisonneuve.com\/60ans\/wp-content\/uploads\/2024\/09\/IMG_20180713_215411-scaled.jpg 2560w, https:\/\/campingmaisonneuve.com\/60ans\/wp-content\/uploads\/2024\/09\/IMG_20180713_215411-300x225.jpg 300w, https:\/\/campingmaisonneuve.com\/60ans\/wp-content\/uploads\/2024\/09\/IMG_20180713_215411-1024x768.jpg 1024w, https:\/\/campingmaisonneuve.com\/60ans\/wp-content\/uploads\/2024\/09\/IMG_20180713_215411-768x576.jpg 768w, https:\/\/campingmaisonneuve.com\/60ans\/wp-content\/uploads\/2024\/09\/IMG_20180713_215411-1536x1152.jpg 1536w, https:\/\/campingmaisonneuve.com\/60ans\/wp-content\/uploads\/2024\/09\/IMG_20180713_215411-2048x1536.jpg 2048w\" sizes=\"(max-width: 2560px) 100vw, 2560px\" \/>\t\t\t\t\t\t\t\t\t\t\t\t\t\t\t<\/div>\n\t\t\t\t<\/div>\n\t\t\t\t\t<\/div>\n\t\t<\/div>\n\t\t\t\t\t\t\t<\/div>\n\t\t<\/section>\n\t\t\t\t<section class=\"elementor-section elementor-top-section elementor-element elementor-element-d1bba09 elementor-section-gap-beside-no elementor-section-boxed elementor-section-height-default elementor-section-height-default elementor-section-column-vertical-align-stretch\" data-id=\"d1bba09\" data-element_type=\"section\">\n\t\t\t\t\t\t<div class=\"elementor-container elementor-column-gap-extended\">\n\t\t\t\t\t<div class=\"elementor-column elementor-col-50 elementor-top-column elementor-element elementor-element-de272be\" data-id=\"de272be\" data-element_type=\"column\">\n\t\t\t<div class=\"elementor-widget-wrap elementor-element-populated\">\n\t\t\t\t\t\t\t\t<div class=\"elementor-element elementor-element-44f6a23 elementor-invisible elementor-widget elementor-widget-nuss-heading\" data-id=\"44f6a23\" data-element_type=\"widget\" data-settings=\"{&quot;_animation&quot;:&quot;nussFadeInUp&quot;}\" data-widget_type=\"nuss-heading.default\">\n\t\t\t\t<div class=\"elementor-widget-container\">\n\t\t\t\t\t<div class=\"nuss-modern-heading\">\n\t\t\t\n\t\t\t\t\t<div class=\"heading-primary-wrap\">\n\t\t\t<span class=\"heading-primary elementor-heading-title\">7. \ud83c\udf88 Profiter d\u2019\u00e9v\u00e9nements <\/span>\t\t<\/div>\n\t\t\n\t\t\t\n\t\t\t\t\t<\/div>\n\t\t\t\t<\/div>\n\t\t\t\t<\/div>\n\t\t\t\t<div class=\"elementor-element elementor-element-77e0030 elementor-invisible elementor-widget elementor-widget-heading\" data-id=\"77e0030\" data-element_type=\"widget\" data-settings=\"{&quot;_animation&quot;:&quot;nussFadeInUp&quot;}\" data-widget_type=\"heading.default\">\n\t\t\t\t<div class=\"elementor-widget-container\">\n\t\t\t<h3 class=\"elementor-heading-title elementor-size-default\">locaux typiques de septembre<\/h3>\t\t<\/div>\n\t\t\t\t<\/div>\n\t\t\t\t<div class=\"elementor-element elementor-element-464ab91 elementor-invisible elementor-widget elementor-widget-text-editor\" data-id=\"464ab91\" data-element_type=\"widget\" data-settings=\"{&quot;_animation&quot;:&quot;nussFadeInUp&quot;}\" data-widget_type=\"text-editor.default\">\n\t\t\t\t<div class=\"elementor-widget-container\">\n\t\t\t\t\t\t\t<ul><li>Las Montgolfiades de Rocamadour (27-28 de septiembre de 2025): Dos d\u00edas espectaculares marcados por el despegue de una treintena de globos aerost\u00e1ticos desde el ca\u00f1\u00f3n vallee-dordogne.com.<\/li><li>Las Jornadas Europeas del Patrimonio (20-21 de septiembre de 2025): Acceso abierto a sitios que normalmente est\u00e1n cerrados, ofreciendo una inmersi\u00f3n cultural \u00fanica vallee-dordogne.com.<\/li><li>Exposici\u00f3n \u00abArborescencias\u00bb &amp; Velada \u00abLa Berrea del Ciervo\u00bb en Les Eyzies (septiembre de 2025): Experiencias inmersivas en la naturaleza, todas gratuitas Lascaux Dordogne Vall\u00e9e V\u00e9z\u00e8re.<\/li><\/ul><p>\ud83d\udccd M\u00e1s informaci\u00f3n en vallee-dordogne.com<\/p>\t\t\t\t\t\t<\/div>\n\t\t\t\t<\/div>\n\t\t\t\t\t<\/div>\n\t\t<\/div>\n\t\t\t\t<div class=\"elementor-column elementor-col-50 elementor-top-column elementor-element elementor-element-50987bf\" data-id=\"50987bf\" data-element_type=\"column\">\n\t\t\t<div class=\"elementor-widget-wrap elementor-element-populated\">\n\t\t\t\t\t\t\t\t<div class=\"elementor-element elementor-element-ddf95de elementor-invisible nuss-elementor-loading nuss-slide-in-right elementor-widget elementor-widget-image\" data-id=\"ddf95de\" data-element_type=\"widget\" data-settings=\"{&quot;_animation&quot;:&quot;nussSlideInRight&quot;}\" data-widget_type=\"image.default\">\n\t\t\t\t<div class=\"elementor-widget-container\">\n\t\t\t\t\t\t\t\t\t\t\t\t\t\t\t<img loading=\"lazy\" decoding=\"async\" width=\"1920\" height=\"960\" src=\"https:\/\/campingmaisonneuve.com\/60ans\/wp-content\/uploads\/2025\/08\/FS6A2130-Enhanced-NR-Sarlat@DeclicDecolle-1920x9601-1.webp\" class=\"attachment-full size-full wp-image-9378\" alt=\"\" srcset=\"https:\/\/campingmaisonneuve.com\/60ans\/wp-content\/uploads\/2025\/08\/FS6A2130-Enhanced-NR-Sarlat@DeclicDecolle-1920x9601-1.webp 1920w, https:\/\/campingmaisonneuve.com\/60ans\/wp-content\/uploads\/2025\/08\/FS6A2130-Enhanced-NR-Sarlat@DeclicDecolle-1920x9601-1-300x150.webp 300w, https:\/\/campingmaisonneuve.com\/60ans\/wp-content\/uploads\/2025\/08\/FS6A2130-Enhanced-NR-Sarlat@DeclicDecolle-1920x9601-1-1024x512.webp 1024w, https:\/\/campingmaisonneuve.com\/60ans\/wp-content\/uploads\/2025\/08\/FS6A2130-Enhanced-NR-Sarlat@DeclicDecolle-1920x9601-1-768x384.webp 768w, https:\/\/campingmaisonneuve.com\/60ans\/wp-content\/uploads\/2025\/08\/FS6A2130-Enhanced-NR-Sarlat@DeclicDecolle-1920x9601-1-1536x768.webp 1536w\" sizes=\"(max-width: 1920px) 100vw, 1920px\" \/>\t\t\t\t\t\t\t\t\t\t\t\t\t\t\t<\/div>\n\t\t\t\t<\/div>\n\t\t\t\t\t<\/div>\n\t\t<\/div>\n\t\t\t\t\t\t\t<\/div>\n\t\t<\/section>\n\t\t\t\t<section class=\"elementor-section elementor-top-section elementor-element elementor-element-569e251 elementor-section-stretched elementor-section-boxed elementor-section-gap-beside-yes elementor-section-height-default elementor-section-height-default elementor-section-column-vertical-align-stretch\" data-id=\"569e251\" data-element_type=\"section\" data-settings=\"{&quot;stretch_section&quot;:&quot;section-stretched&quot;,&quot;background_background&quot;:&quot;classic&quot;}\">\n\t\t\t\t\t\t<div class=\"elementor-container elementor-column-gap-extended\">\n\t\t\t\t\t<div class=\"elementor-column elementor-col-33 elementor-top-column elementor-element elementor-element-c24a1db\" data-id=\"c24a1db\" data-element_type=\"column\">\n\t\t\t<div class=\"elementor-widget-wrap elementor-element-populated\">\n\t\t\t\t\t\t\t\t<div class=\"elementor-element elementor-element-e42a725 elementor-widget__width-initial elementor-widget-mobile__width-initial elementor-widget elementor-widget-image\" data-id=\"e42a725\" data-element_type=\"widget\" data-widget_type=\"image.default\">\n\t\t\t\t<div class=\"elementor-widget-container\">\n\t\t\t\t\t\t\t\t\t\t\t\t\t\t\t<img loading=\"lazy\" decoding=\"async\" width=\"270\" height=\"262\" src=\"https:\/\/campingmaisonneuve.com\/60ans\/wp-content\/uploads\/2021\/06\/logos-camping-maisonneuve-footer1.png\" class=\"attachment-large size-large wp-image-5477\" alt=\"\" \/>\t\t\t\t\t\t\t\t\t\t\t\t\t\t\t<\/div>\n\t\t\t\t<\/div>\n\t\t\t\t\t<\/div>\n\t\t<\/div>\n\t\t\t\t<div class=\"elementor-column elementor-col-66 elementor-top-column elementor-element elementor-element-ce4b021\" data-id=\"ce4b021\" data-element_type=\"column\">\n\t\t\t<div class=\"elementor-widget-wrap elementor-element-populated\">\n\t\t\t\t\t\t\t\t<div class=\"elementor-element elementor-element-1645920 elementor-invisible elementor-widget elementor-widget-heading\" data-id=\"1645920\" data-element_type=\"widget\" data-settings=\"{&quot;_animation&quot;:&quot;nussFadeInUp&quot;}\" data-widget_type=\"heading.default\">\n\t\t\t\t<div class=\"elementor-widget-container\">\n\t\t\t<h3 class=\"elementor-heading-title elementor-size-default\">En resumen\u2026<\/h3>\t\t<\/div>\n\t\t\t\t<\/div>\n\t\t\t\t<div class=\"elementor-element elementor-element-597c927 elementor-widget__width-initial elementor-hidden-tablet elementor-hidden-mobile elementor-invisible elementor-widget elementor-widget-text-editor\" data-id=\"597c927\" data-element_type=\"widget\" data-settings=\"{&quot;_animation&quot;:&quot;nussFadeInUp&quot;}\" data-widget_type=\"text-editor.default\">\n\t\t\t\t<div class=\"elementor-widget-container\">\n\t\t\t\t\t\t\t<span style=\"color: #ffffff;\">Unas vacaciones en septiembre te permiten:<\/span>\n<ul>\n \t<li><span style=\"color: #ffffff;\">Disfrutar de la naturaleza al m\u00e1ximo, sin molestias.<\/span><\/li>\n \t<li><span style=\"color: #ffffff;\">Retomar tu ritmo, desacelerar y reconectarte contigo mismo.<\/span><\/li>\n \t<li><span style=\"color: #ffffff;\">Reducir tus gastos sin compromisos.<\/span><\/li>\n \t<li><span style=\"color: #ffffff;\">Beneficiarte de un clima ideal para tus actividades al aire libre.<\/span><\/li>\n \t<li><span style=\"color: #ffffff;\">Capturar momentos m\u00e1gicos con una luz suave.<\/span><\/li>\n \t<li><span style=\"color: #ffffff;\">Viajar de otra manera, de forma sostenible.<\/span><\/li>\n \t<li><span style=\"color: #ffffff;\">Participar en eventos locales aut\u00e9nticos y memorables.<\/span><\/li>\n<\/ul>\n<span style=\"color: #ffffff;\">El Camping Maisonneuve te recibe hasta finales de septiembre: parcelas, alquileres, frente al r\u00edo, c\u00e1lida bienvenida\u2026 \u00a1Todo est\u00e1 listo para ofrecerte unas vacaciones tranquilas y rejuvenecedoras, ahora enriquecidas con cautivadoras actividades regionales!<\/span>\n\n<span style=\"color: #ffffff;\">\ud83c\udf10 Reserva ahora tus vacaciones en el coraz\u00f3n del Perigord Negro.<\/span>\n<span style=\"color: #ffffff;\">\ud83d\udcde Contacto directo: +33 (0)5 53 29 86 50<\/span>\t\t\t\t\t\t<\/div>\n\t\t\t\t<\/div>\n\t\t\t\t<div class=\"elementor-element elementor-element-42b8999 elementor-widget__width-initial elementor-widget-mobile__width-initial elementor-hidden-desktop elementor-invisible elementor-widget elementor-widget-text-editor\" data-id=\"42b8999\" data-element_type=\"widget\" data-settings=\"{&quot;_animation&quot;:&quot;nussFadeInUp&quot;}\" data-widget_type=\"text-editor.default\">\n\t\t\t\t<div class=\"elementor-widget-container\">\n\t\t\t\t\t\t\t<span style=\"color: #ffffff;\">Unas vacaciones en septiembre te permiten:<\/span>\n<ul>\n \t<li><span style=\"color: #ffffff;\">Disfrutar de la naturaleza al m\u00e1ximo, sin molestias.<\/span><\/li>\n \t<li><span style=\"color: #ffffff;\">Retomar tu ritmo, desacelerar y reconectarte contigo mismo.<\/span><\/li>\n \t<li><span style=\"color: #ffffff;\">Reducir tus gastos sin compromisos.<\/span><\/li>\n \t<li><span style=\"color: #ffffff;\">Beneficiarte de un clima ideal para tus actividades al aire libre.<\/span><\/li>\n \t<li><span style=\"color: #ffffff;\">Capturar momentos m\u00e1gicos con una luz suave.<\/span><\/li>\n \t<li><span style=\"color: #ffffff;\">Viajar de otra manera, de forma sostenible.<\/span><\/li>\n \t<li><span style=\"color: #ffffff;\">Participar en eventos locales aut\u00e9nticos y memorables.<\/span><\/li>\n<\/ul>\n<span style=\"color: #ffffff;\">El Camping Maisonneuve te recibe hasta finales de septiembre: parcelas, alquileres, frente al r\u00edo, c\u00e1lida bienvenida\u2026 \u00a1Todo est\u00e1 listo para ofrecerte unas vacaciones tranquilas y rejuvenecedoras, ahora enriquecidas con cautivadoras actividades regionales!<\/span>\n\n<span style=\"color: #ffffff;\">\ud83c\udf10 Reserva ahora tus vacaciones en el coraz\u00f3n del Perigord Negro.<\/span>\n<span style=\"color: #ffffff;\">\ud83d\udcde Contacto directo: +33 (0)5 53 29 86 50<\/span>\t\t\t\t\t\t<\/div>\n\t\t\t\t<\/div>\n\t\t\t\t\t<\/div>\n\t\t<\/div>\n\t\t\t\t\t\t\t<\/div>\n\t\t<\/section>\n\t\t\t\t\t\t\t<\/div>\n\t\t","protected":false},"excerpt":{"rendered":"<p>Explorez la Beaut\u00e9 Tranquille du Camping Maisonneuve : Votre Refuge au Bord de la Rivi\u00e8re \u00e0 Castelnaud-la-Chapelle Nich\u00e9 dans le pittoresque village de Castelnaud-la-Chapelle, le Camping Maisonneuve offre une escapade idyllique entour\u00e9e par la splendeur naturelle de la Vall\u00e9e de la Dordogne. Situ\u00e9 le long des paisibles rives de la rivi\u00e8re C\u00e9ou, notre camping offre [&hellip;]<\/p>\n","protected":false},"author":1,"featured_media":0,"parent":0,"menu_order":0,"comment_status":"closed","ping_status":"closed","template":"","meta":{"footnotes":""},"class_list":["post-9606","page","type-page","status-publish","hentry","post-no-thumbnail"],"_links":{"self":[{"href":"https:\/\/campingmaisonneuve.com\/es\/wp-json\/wp\/v2\/pages\/9606","targetHints":{"allow":["GET"]}}],"collection":[{"href":"https:\/\/campingmaisonneuve.com\/es\/wp-json\/wp\/v2\/pages"}],"about":[{"href":"https:\/\/campingmaisonneuve.com\/es\/wp-json\/wp\/v2\/types\/page"}],"author":[{"embeddable":true,"href":"https:\/\/campingmaisonneuve.com\/es\/wp-json\/wp\/v2\/users\/1"}],"replies":[{"embeddable":true,"href":"https:\/\/campingmaisonneuve.com\/es\/wp-json\/wp\/v2\/comments?post=9606"}],"version-history":[{"count":2,"href":"https:\/\/campingmaisonneuve.com\/es\/wp-json\/wp\/v2\/pages\/9606\/revisions"}],"predecessor-version":[{"id":9608,"href":"https:\/\/campingmaisonneuve.com\/es\/wp-json\/wp\/v2\/pages\/9606\/revisions\/9608"}],"wp:attachment":[{"href":"https:\/\/campingmaisonneuve.com\/es\/wp-json\/wp\/v2\/media?parent=9606"}],"curies":[{"name":"wp","href":"https:\/\/api.w.org\/{rel}","templated":true}]}}