{"id":9554,"date":"2025-08-23T15:05:56","date_gmt":"2025-08-23T15:05:56","guid":{"rendered":"https:\/\/campingmaisonneuve.com\/?page_id=9554\/"},"modified":"2026-08-15T22:31:51","modified_gmt":"2026-08-15T22:31:51","slug":"7-goede-redenen-om-in-september-op-vakantie-te-gaan-in-het-hart-van-de-perigord-noir","status":"publish","type":"page","link":"https:\/\/campingmaisonneuve.com\/nl\/7-goede-redenen-om-in-september-op-vakantie-te-gaan-in-het-hart-van-de-perigord-noir\/","title":{"rendered":"7 goede redenen om in september op vakantie te gaan, in het hart van de P\u00e9rigord Noir"},"content":{"rendered":"\t\t<div data-elementor-type=\"wp-page\" data-elementor-id=\"9554\" class=\"elementor elementor-9554\" data-elementor-post-type=\"page\">\n\t\t\t\t\t\t\t\t\t<section class=\"elementor-section elementor-top-section elementor-element elementor-element-1954ffc elementor-section-boxed elementor-section-gap-beside-yes elementor-section-height-default elementor-section-height-default elementor-section-column-vertical-align-stretch\" data-id=\"1954ffc\" data-element_type=\"section\">\n\t\t\t\t\t\t<div class=\"elementor-container elementor-column-gap-extended\">\n\t\t\t\t\t<div class=\"elementor-column elementor-col-100 elementor-top-column elementor-element elementor-element-86aebc5\" data-id=\"86aebc5\" data-element_type=\"column\">\n\t\t\t<div class=\"elementor-widget-wrap elementor-element-populated\">\n\t\t\t\t\t\t\t\t<div class=\"elementor-element elementor-element-11803d1 elementor-widget__width-initial elementor-invisible elementor-widget elementor-widget-text-editor\" data-id=\"11803d1\" data-element_type=\"widget\" data-settings=\"{&quot;_animation&quot;:&quot;nussFadeInUp&quot;}\" data-widget_type=\"text-editor.default\">\n\t\t\t\t<div class=\"elementor-widget-container\">\n\t\t\t<style>\/*! elementor - v3.18.0 - 20-12-2023 *\/\n.elementor-widget-text-editor.elementor-drop-cap-view-stacked .elementor-drop-cap{background-color:#69727d;color:#fff}.elementor-widget-text-editor.elementor-drop-cap-view-framed .elementor-drop-cap{color:#69727d;border:3px solid;background-color:transparent}.elementor-widget-text-editor:not(.elementor-drop-cap-view-default) .elementor-drop-cap{margin-top:8px}.elementor-widget-text-editor:not(.elementor-drop-cap-view-default) .elementor-drop-cap-letter{width:1em;height:1em}.elementor-widget-text-editor .elementor-drop-cap{float:left;text-align:center;line-height:1;font-size:50px}.elementor-widget-text-editor .elementor-drop-cap-letter{display:inline-block}<\/style>\t\t\t\t<h3 data-start=\"145\" data-end=\"236\">7 goede redenen om in september op vakantie te gaan, in het hart van de P\u00e9rigord Noir<\/h3><p data-start=\"238\" data-end=\"651\">\u00a0<\/p>\t\t\t\t\t\t<\/div>\n\t\t\t\t<\/div>\n\t\t\t\t<div class=\"elementor-element elementor-element-03f00bd elementor-widget elementor-widget-heading\" data-id=\"03f00bd\" data-element_type=\"widget\" data-widget_type=\"heading.default\">\n\t\t\t\t<div class=\"elementor-widget-container\">\n\t\t\t<style>\/*! elementor - v3.18.0 - 20-12-2023 *\/\n.elementor-heading-title{padding:0;margin:0;line-height:1}.elementor-widget-heading .elementor-heading-title[class*=elementor-size-]>a{color:inherit;font-size:inherit;line-height:inherit}.elementor-widget-heading .elementor-heading-title.elementor-size-small{font-size:15px}.elementor-widget-heading .elementor-heading-title.elementor-size-medium{font-size:19px}.elementor-widget-heading .elementor-heading-title.elementor-size-large{font-size:29px}.elementor-widget-heading .elementor-heading-title.elementor-size-xl{font-size:39px}.elementor-widget-heading .elementor-heading-title.elementor-size-xxl{font-size:59px}<\/style><p class=\"elementor-heading-title elementor-size-default\">De zomer loopt ten einde... En toch is dit precies het moment waarop \u00e9\u00e9n van de mooiste seizoenen om op vakantie te gaan begint. September biedt een unieke ervaring, vooral op een plek die zo rijk is aan natuur en erfgoed als de P\u00e9rigord Noir.\nGelegen in de buurt van Sarlat, biedt Camping Maisonneuve je de ideale plek om tijdens deze periode volop te genieten van natuur en cultuur, in een rustige omgeving.<\/p>\t\t<\/div>\n\t\t\t\t<\/div>\n\t\t\t\t<div class=\"elementor-element elementor-element-94cbcf7 elementor-widget__width-initial elementor-invisible elementor-widget elementor-widget-text-editor\" data-id=\"94cbcf7\" data-element_type=\"widget\" data-settings=\"{&quot;_animation&quot;:&quot;nussFadeInUp&quot;}\" data-widget_type=\"text-editor.default\">\n\t\t\t\t<div class=\"elementor-widget-container\">\n\t\t\t\t\t\t\t<p data-start=\"653\" data-end=\"746\"><strong data-start=\"653\" data-end=\"744\">Hier zijn zeven sterke redenen voor een vakantie in de Dordogne, bij ons, in september:<\/strong><\/p>\t\t\t\t\t\t<\/div>\n\t\t\t\t<\/div>\n\t\t\t\t\t<\/div>\n\t\t<\/div>\n\t\t\t\t\t\t\t<\/div>\n\t\t<\/section>\n\t\t\t\t<section class=\"elementor-section elementor-top-section elementor-element elementor-element-b2344ff elementor-section-gap-beside-no elementor-section-boxed elementor-section-height-default elementor-section-height-default elementor-section-column-vertical-align-stretch\" data-id=\"b2344ff\" data-element_type=\"section\">\n\t\t\t\t\t\t<div class=\"elementor-container elementor-column-gap-extended\">\n\t\t\t\t\t<div class=\"elementor-column elementor-col-50 elementor-top-column elementor-element elementor-element-4b9e677\" data-id=\"4b9e677\" data-element_type=\"column\">\n\t\t\t<div class=\"elementor-widget-wrap elementor-element-populated\">\n\t\t\t\t\t\t\t\t<div class=\"elementor-element elementor-element-f222aa6 elementor-invisible elementor-widget elementor-widget-nuss-heading\" data-id=\"f222aa6\" data-element_type=\"widget\" data-settings=\"{&quot;_animation&quot;:&quot;nussFadeInUp&quot;}\" data-widget_type=\"nuss-heading.default\">\n\t\t\t\t<div class=\"elementor-widget-container\">\n\t\t\t\t\t<div class=\"nuss-modern-heading\">\n\t\t\t\n\t\t\t\t\t<div class=\"heading-primary-wrap\">\n\t\t\t<span class=\"heading-primary elementor-heading-title\">1. \ud83c\udf3f Een persoonlijkere<\/span>\t\t<\/div>\n\t\t\n\t\t\t\n\t\t\t\t\t<\/div>\n\t\t\t\t<\/div>\n\t\t\t\t<\/div>\n\t\t\t\t<div class=\"elementor-element elementor-element-fd82a54 elementor-invisible elementor-widget elementor-widget-heading\" data-id=\"fd82a54\" data-element_type=\"widget\" data-settings=\"{&quot;_animation&quot;:&quot;nussFadeInUp&quot;}\" data-widget_type=\"heading.default\">\n\t\t\t\t<div class=\"elementor-widget-container\">\n\t\t\t<h3 class=\"elementor-heading-title elementor-size-default\">en authentieke ervaring<\/h3>\t\t<\/div>\n\t\t\t\t<\/div>\n\t\t\t\t<div class=\"elementor-element elementor-element-bc0b7e2 elementor-invisible elementor-widget elementor-widget-text-editor\" data-id=\"bc0b7e2\" data-element_type=\"widget\" data-settings=\"{&quot;_animation&quot;:&quot;nussFadeInUp&quot;}\" data-widget_type=\"text-editor.default\">\n\t\t\t\t<div class=\"elementor-widget-container\">\n\t\t\t\t\t\t\t<p>In september keert de rust terug op de camping. Weg van de zomerse drukte geniet je van een intiemere vakantie, in direct contact met de natuur. Stel je voor: wakker worden met het zachte geruis van de rivier C\u00e9ou, slechts een paar andere kampeerders om je heen, en vogelgezang als wekker\u2026 Het is het perfecte moment om met locals te praten, een drankje te delen met andere vakantiegangers of gewoon een goed boek te lezen onder een boom.<\/p>\t\t\t\t\t\t<\/div>\n\t\t\t\t<\/div>\n\t\t\t\t\t<\/div>\n\t\t<\/div>\n\t\t\t\t<div class=\"elementor-column elementor-col-50 elementor-top-column elementor-element elementor-element-4698ec8\" data-id=\"4698ec8\" data-element_type=\"column\">\n\t\t\t<div class=\"elementor-widget-wrap elementor-element-populated\">\n\t\t\t\t\t\t\t\t<div class=\"elementor-element elementor-element-88e5290 elementor-invisible nuss-elementor-loading nuss-slide-in-right elementor-widget elementor-widget-image\" data-id=\"88e5290\" data-element_type=\"widget\" data-settings=\"{&quot;_animation&quot;:&quot;nussSlideInRight&quot;}\" data-widget_type=\"image.default\">\n\t\t\t\t<div class=\"elementor-widget-container\">\n\t\t\t<style>\/*! elementor - v3.18.0 - 20-12-2023 *\/\n.elementor-widget-image{text-align:center}.elementor-widget-image a{display:inline-block}.elementor-widget-image a img[src$=\".svg\"]{width:48px}.elementor-widget-image img{vertical-align:middle;display:inline-block}<\/style>\t\t\t\t\t\t\t\t\t\t\t\t<img fetchpriority=\"high\" decoding=\"async\" width=\"1600\" height=\"720\" src=\"https:\/\/campingmaisonneuve.com\/60ans\/wp-content\/uploads\/2025\/08\/IMG-20230722-WA0010.jpg\" class=\"attachment-full size-full wp-image-9353\" alt=\"\" srcset=\"https:\/\/campingmaisonneuve.com\/60ans\/wp-content\/uploads\/2025\/08\/IMG-20230722-WA0010.jpg 1600w, https:\/\/campingmaisonneuve.com\/60ans\/wp-content\/uploads\/2025\/08\/IMG-20230722-WA0010-300x135.jpg 300w, https:\/\/campingmaisonneuve.com\/60ans\/wp-content\/uploads\/2025\/08\/IMG-20230722-WA0010-1024x461.jpg 1024w, https:\/\/campingmaisonneuve.com\/60ans\/wp-content\/uploads\/2025\/08\/IMG-20230722-WA0010-768x346.jpg 768w, https:\/\/campingmaisonneuve.com\/60ans\/wp-content\/uploads\/2025\/08\/IMG-20230722-WA0010-1536x691.jpg 1536w\" sizes=\"(max-width: 1600px) 100vw, 1600px\" \/>\t\t\t\t\t\t\t\t\t\t\t\t\t\t\t<\/div>\n\t\t\t\t<\/div>\n\t\t\t\t\t<\/div>\n\t\t<\/div>\n\t\t\t\t\t\t\t<\/div>\n\t\t<\/section>\n\t\t\t\t<section class=\"elementor-section elementor-top-section elementor-element elementor-element-575fc68 elementor-section-gap-beside-no elementor-hidden-mobile elementor-section-boxed elementor-section-height-default elementor-section-height-default elementor-section-column-vertical-align-stretch\" data-id=\"575fc68\" data-element_type=\"section\">\n\t\t\t\t\t\t<div class=\"elementor-container elementor-column-gap-extended\">\n\t\t\t\t\t<div class=\"elementor-column elementor-col-50 elementor-top-column elementor-element elementor-element-dd03a56\" data-id=\"dd03a56\" data-element_type=\"column\">\n\t\t\t<div class=\"elementor-widget-wrap elementor-element-populated\">\n\t\t\t\t\t\t\t\t<div class=\"elementor-element elementor-element-78ab5be elementor-invisible nuss-elementor-loading nuss-slide-in-right elementor-widget elementor-widget-image\" data-id=\"78ab5be\" data-element_type=\"widget\" data-settings=\"{&quot;_animation&quot;:&quot;nussSlideInRight&quot;}\" data-widget_type=\"image.default\">\n\t\t\t\t<div class=\"elementor-widget-container\">\n\t\t\t\t\t\t\t\t\t\t\t\t\t\t\t<img decoding=\"async\" width=\"2560\" height=\"1183\" src=\"https:\/\/campingmaisonneuve.com\/60ans\/wp-content\/uploads\/2025\/08\/20230906_164811-scaled.jpg\" class=\"attachment-full size-full wp-image-9358\" alt=\"\" srcset=\"https:\/\/campingmaisonneuve.com\/60ans\/wp-content\/uploads\/2025\/08\/20230906_164811-scaled.jpg 2560w, https:\/\/campingmaisonneuve.com\/60ans\/wp-content\/uploads\/2025\/08\/20230906_164811-300x139.jpg 300w, https:\/\/campingmaisonneuve.com\/60ans\/wp-content\/uploads\/2025\/08\/20230906_164811-1024x473.jpg 1024w, https:\/\/campingmaisonneuve.com\/60ans\/wp-content\/uploads\/2025\/08\/20230906_164811-768x355.jpg 768w, https:\/\/campingmaisonneuve.com\/60ans\/wp-content\/uploads\/2025\/08\/20230906_164811-1536x710.jpg 1536w, https:\/\/campingmaisonneuve.com\/60ans\/wp-content\/uploads\/2025\/08\/20230906_164811-2048x946.jpg 2048w\" sizes=\"(max-width: 2560px) 100vw, 2560px\" \/>\t\t\t\t\t\t\t\t\t\t\t\t\t\t\t<\/div>\n\t\t\t\t<\/div>\n\t\t\t\t\t<\/div>\n\t\t<\/div>\n\t\t\t\t<div class=\"elementor-column elementor-col-50 elementor-top-column elementor-element elementor-element-364a6b2\" data-id=\"364a6b2\" data-element_type=\"column\">\n\t\t\t<div class=\"elementor-widget-wrap elementor-element-populated\">\n\t\t\t\t\t\t\t\t<div class=\"elementor-element elementor-element-f9f80f6 elementor-invisible elementor-widget elementor-widget-nuss-heading\" data-id=\"f9f80f6\" data-element_type=\"widget\" data-settings=\"{&quot;_animation&quot;:&quot;nussFadeInUp&quot;}\" data-widget_type=\"nuss-heading.default\">\n\t\t\t\t<div class=\"elementor-widget-container\">\n\t\t\t\t\t<div class=\"nuss-modern-heading\">\n\t\t\t\n\t\t\t\t\t<div class=\"heading-primary-wrap\">\n\t\t\t<span class=\"heading-primary elementor-heading-title\">2. \ud83e\uddd8\u200d\u2642\ufe0f Jezelf herontdekken <\/span>\t\t<\/div>\n\t\t\n\t\t\t\n\t\t\t\t\t<\/div>\n\t\t\t\t<\/div>\n\t\t\t\t<\/div>\n\t\t\t\t<div class=\"elementor-element elementor-element-e60cb65 elementor-invisible elementor-widget elementor-widget-heading\" data-id=\"e60cb65\" data-element_type=\"widget\" data-settings=\"{&quot;_animation&quot;:&quot;nussFadeInUp&quot;}\" data-widget_type=\"heading.default\">\n\t\t\t\t<div class=\"elementor-widget-container\">\n\t\t\t<h3 class=\"elementor-heading-title elementor-size-default\">midden in de natuur<\/h3>\t\t<\/div>\n\t\t\t\t<\/div>\n\t\t\t\t<div class=\"elementor-element elementor-element-ccbb94d elementor-invisible elementor-widget elementor-widget-text-editor\" data-id=\"ccbb94d\" data-element_type=\"widget\" data-settings=\"{&quot;_animation&quot;:&quot;nussFadeInUp&quot;}\" data-widget_type=\"text-editor.default\">\n\t\t\t\t<div class=\"elementor-widget-container\">\n\t\t\t\t\t\t\t<p>Op vakantie gaan in september betekent ook echt tijd voor jezelf nemen. Minder druk, geen mensenmassa\u2019s, geen strak programma. Camping Maisonneuve, omringd door kliffen, rivier en bos, nodigt uit tot een echte herbronning: digitale detox en innerlijke rust!<\/p>\t\t\t\t\t\t<\/div>\n\t\t\t\t<\/div>\n\t\t\t\t\t<\/div>\n\t\t<\/div>\n\t\t\t\t\t\t\t<\/div>\n\t\t<\/section>\n\t\t\t\t<section class=\"elementor-section elementor-top-section elementor-element elementor-element-9f4f80b elementor-section-gap-beside-no elementor-hidden-desktop elementor-hidden-tablet elementor-section-boxed elementor-section-height-default elementor-section-height-default elementor-section-column-vertical-align-stretch\" data-id=\"9f4f80b\" data-element_type=\"section\">\n\t\t\t\t\t\t<div class=\"elementor-container elementor-column-gap-extended\">\n\t\t\t\t\t<div class=\"elementor-column elementor-col-50 elementor-top-column elementor-element elementor-element-421d81c\" data-id=\"421d81c\" data-element_type=\"column\">\n\t\t\t<div class=\"elementor-widget-wrap elementor-element-populated\">\n\t\t\t\t\t\t\t\t<div class=\"elementor-element elementor-element-919eb26 elementor-invisible elementor-widget elementor-widget-nuss-heading\" data-id=\"919eb26\" data-element_type=\"widget\" data-settings=\"{&quot;_animation&quot;:&quot;nussFadeInUp&quot;}\" data-widget_type=\"nuss-heading.default\">\n\t\t\t\t<div class=\"elementor-widget-container\">\n\t\t\t\t\t<div class=\"nuss-modern-heading\">\n\t\t\t\n\t\t\t\t\t<div class=\"heading-primary-wrap\">\n\t\t\t<span class=\"heading-primary elementor-heading-title\">2. \ud83e\uddd8\u200d\u2642\ufe0f Jezelf herontdekken<\/span>\t\t<\/div>\n\t\t\n\t\t\t\n\t\t\t\t\t<\/div>\n\t\t\t\t<\/div>\n\t\t\t\t<\/div>\n\t\t\t\t<div class=\"elementor-element elementor-element-2ebfeef elementor-invisible elementor-widget elementor-widget-heading\" data-id=\"2ebfeef\" data-element_type=\"widget\" data-settings=\"{&quot;_animation&quot;:&quot;nussFadeInUp&quot;}\" data-widget_type=\"heading.default\">\n\t\t\t\t<div class=\"elementor-widget-container\">\n\t\t\t<h3 class=\"elementor-heading-title elementor-size-default\"> midden in de natuur<\/h3>\t\t<\/div>\n\t\t\t\t<\/div>\n\t\t\t\t<div class=\"elementor-element elementor-element-ca7e87e elementor-invisible elementor-widget elementor-widget-text-editor\" data-id=\"ca7e87e\" data-element_type=\"widget\" data-settings=\"{&quot;_animation&quot;:&quot;nussFadeInUp&quot;}\" data-widget_type=\"text-editor.default\">\n\t\t\t\t<div class=\"elementor-widget-container\">\n\t\t\t\t\t\t\t<p>Op vakantie gaan in september betekent ook echt tijd voor jezelf nemen. Minder druk, geen mensenmassa\u2019s, geen strak programma. Camping Maisonneuve, omringd door kliffen, rivier en bos, nodigt uit tot een echte herbronning: digitale detox en innerlijke rust!<\/p>\t\t\t\t\t\t<\/div>\n\t\t\t\t<\/div>\n\t\t\t\t\t<\/div>\n\t\t<\/div>\n\t\t\t\t<div class=\"elementor-column elementor-col-50 elementor-top-column elementor-element elementor-element-e3e1ae8\" data-id=\"e3e1ae8\" data-element_type=\"column\">\n\t\t\t<div class=\"elementor-widget-wrap elementor-element-populated\">\n\t\t\t\t\t\t\t\t<div class=\"elementor-element elementor-element-f020929 elementor-invisible nuss-elementor-loading nuss-slide-in-right elementor-widget elementor-widget-image\" data-id=\"f020929\" data-element_type=\"widget\" data-settings=\"{&quot;_animation&quot;:&quot;nussSlideInRight&quot;}\" data-widget_type=\"image.default\">\n\t\t\t\t<div class=\"elementor-widget-container\">\n\t\t\t\t\t\t\t\t\t\t\t\t\t\t\t<img decoding=\"async\" width=\"2560\" height=\"1183\" src=\"https:\/\/campingmaisonneuve.com\/60ans\/wp-content\/uploads\/2025\/08\/20230906_164811-scaled.jpg\" class=\"attachment-full size-full wp-image-9358\" alt=\"\" srcset=\"https:\/\/campingmaisonneuve.com\/60ans\/wp-content\/uploads\/2025\/08\/20230906_164811-scaled.jpg 2560w, https:\/\/campingmaisonneuve.com\/60ans\/wp-content\/uploads\/2025\/08\/20230906_164811-300x139.jpg 300w, https:\/\/campingmaisonneuve.com\/60ans\/wp-content\/uploads\/2025\/08\/20230906_164811-1024x473.jpg 1024w, https:\/\/campingmaisonneuve.com\/60ans\/wp-content\/uploads\/2025\/08\/20230906_164811-768x355.jpg 768w, https:\/\/campingmaisonneuve.com\/60ans\/wp-content\/uploads\/2025\/08\/20230906_164811-1536x710.jpg 1536w, https:\/\/campingmaisonneuve.com\/60ans\/wp-content\/uploads\/2025\/08\/20230906_164811-2048x946.jpg 2048w\" sizes=\"(max-width: 2560px) 100vw, 2560px\" \/>\t\t\t\t\t\t\t\t\t\t\t\t\t\t\t<\/div>\n\t\t\t\t<\/div>\n\t\t\t\t\t<\/div>\n\t\t<\/div>\n\t\t\t\t\t\t\t<\/div>\n\t\t<\/section>\n\t\t\t\t<section class=\"elementor-section elementor-top-section elementor-element elementor-element-53f6bc9 elementor-section-gap-beside-no elementor-section-boxed elementor-section-height-default elementor-section-height-default elementor-section-column-vertical-align-stretch\" data-id=\"53f6bc9\" data-element_type=\"section\">\n\t\t\t\t\t\t<div class=\"elementor-container elementor-column-gap-extended\">\n\t\t\t\t\t<div class=\"elementor-column elementor-col-50 elementor-top-column elementor-element elementor-element-d0cd261\" data-id=\"d0cd261\" data-element_type=\"column\">\n\t\t\t<div class=\"elementor-widget-wrap elementor-element-populated\">\n\t\t\t\t\t\t\t\t<div class=\"elementor-element elementor-element-cecc7b4 elementor-invisible elementor-widget elementor-widget-nuss-heading\" data-id=\"cecc7b4\" data-element_type=\"widget\" data-settings=\"{&quot;_animation&quot;:&quot;nussFadeInUp&quot;}\" data-widget_type=\"nuss-heading.default\">\n\t\t\t\t<div class=\"elementor-widget-container\">\n\t\t\t\t\t<div class=\"nuss-modern-heading\">\n\t\t\t\n\t\t\t\t\t<div class=\"heading-primary-wrap\">\n\t\t\t<span class=\"heading-primary elementor-heading-title\">3. \ud83d\udcb6 Vakantie<\/span>\t\t<\/div>\n\t\t\n\t\t\t\n\t\t\t\t\t<\/div>\n\t\t\t\t<\/div>\n\t\t\t\t<\/div>\n\t\t\t\t<div class=\"elementor-element elementor-element-1106c74 elementor-invisible elementor-widget elementor-widget-heading\" data-id=\"1106c74\" data-element_type=\"widget\" data-settings=\"{&quot;_animation&quot;:&quot;nussFadeInUp&quot;}\" data-widget_type=\"heading.default\">\n\t\t\t\t<div class=\"elementor-widget-container\">\n\t\t\t<h3 class=\"elementor-heading-title elementor-size-default\">voor de helft van de prijs<\/h3>\t\t<\/div>\n\t\t\t\t<\/div>\n\t\t\t\t<div class=\"elementor-element elementor-element-558324d elementor-invisible elementor-widget elementor-widget-text-editor\" data-id=\"558324d\" data-element_type=\"widget\" data-settings=\"{&quot;_animation&quot;:&quot;nussFadeInUp&quot;}\" data-widget_type=\"text-editor.default\">\n\t\t\t\t<div class=\"elementor-widget-container\">\n\t\t\t\t\t\t\t<p>Het is de meest betaalbare periode om de P\u00e9rigord Noir te ontdekken! In september zijn de tarieven van de stacaravans en kampeerplaatsen op Camping Maisonneuve vaak gehalveerd. Ook reizen (met de trein of auto) zijn goedkoper en vlotter, en veel toeristische aanbieders bieden seizoenskortingen aan.<\/p>\t\t\t\t\t\t<\/div>\n\t\t\t\t<\/div>\n\t\t\t\t\t<\/div>\n\t\t<\/div>\n\t\t\t\t<div class=\"elementor-column elementor-col-50 elementor-top-column elementor-element elementor-element-aabc499\" data-id=\"aabc499\" data-element_type=\"column\">\n\t\t\t<div class=\"elementor-widget-wrap elementor-element-populated\">\n\t\t\t\t\t\t\t\t<div class=\"elementor-element elementor-element-bde7378 elementor-invisible nuss-elementor-loading nuss-slide-in-right elementor-widget elementor-widget-image\" data-id=\"bde7378\" data-element_type=\"widget\" data-settings=\"{&quot;_animation&quot;:&quot;nussSlideInRight&quot;}\" data-widget_type=\"image.default\">\n\t\t\t\t<div class=\"elementor-widget-container\">\n\t\t\t\t\t\t\t\t\t\t\t\t\t\t\t<img decoding=\"async\" width=\"2560\" height=\"1920\" src=\"https:\/\/campingmaisonneuve.com\/60ans\/wp-content\/uploads\/2025\/08\/image00028-scaled.jpeg\" class=\"attachment-full size-full wp-image-9363\" alt=\"\" srcset=\"https:\/\/campingmaisonneuve.com\/60ans\/wp-content\/uploads\/2025\/08\/image00028-scaled.jpeg 2560w, https:\/\/campingmaisonneuve.com\/60ans\/wp-content\/uploads\/2025\/08\/image00028-300x225.jpeg 300w, https:\/\/campingmaisonneuve.com\/60ans\/wp-content\/uploads\/2025\/08\/image00028-1024x768.jpeg 1024w, https:\/\/campingmaisonneuve.com\/60ans\/wp-content\/uploads\/2025\/08\/image00028-768x576.jpeg 768w, https:\/\/campingmaisonneuve.com\/60ans\/wp-content\/uploads\/2025\/08\/image00028-1536x1152.jpeg 1536w, https:\/\/campingmaisonneuve.com\/60ans\/wp-content\/uploads\/2025\/08\/image00028-2048x1536.jpeg 2048w\" sizes=\"(max-width: 2560px) 100vw, 2560px\" \/>\t\t\t\t\t\t\t\t\t\t\t\t\t\t\t<\/div>\n\t\t\t\t<\/div>\n\t\t\t\t\t<\/div>\n\t\t<\/div>\n\t\t\t\t\t\t\t<\/div>\n\t\t<\/section>\n\t\t\t\t<section class=\"elementor-section elementor-top-section elementor-element elementor-element-9021703 elementor-section-gap-beside-no elementor-hidden-mobile elementor-section-boxed elementor-section-height-default elementor-section-height-default elementor-section-column-vertical-align-stretch\" data-id=\"9021703\" data-element_type=\"section\">\n\t\t\t\t\t\t<div class=\"elementor-container elementor-column-gap-extended\">\n\t\t\t\t\t<div class=\"elementor-column elementor-col-50 elementor-top-column elementor-element elementor-element-9335b1d\" data-id=\"9335b1d\" data-element_type=\"column\">\n\t\t\t<div class=\"elementor-widget-wrap elementor-element-populated\">\n\t\t\t\t\t\t\t\t<div class=\"elementor-element elementor-element-0987e37 elementor-invisible nuss-elementor-loading nuss-slide-in-right elementor-widget elementor-widget-image\" data-id=\"0987e37\" data-element_type=\"widget\" data-settings=\"{&quot;_animation&quot;:&quot;nussSlideInRight&quot;}\" data-widget_type=\"image.default\">\n\t\t\t\t<div class=\"elementor-widget-container\">\n\t\t\t\t\t\t\t\t\t\t\t\t\t\t\t<img loading=\"lazy\" decoding=\"async\" width=\"2560\" height=\"1280\" src=\"https:\/\/campingmaisonneuve.com\/60ans\/wp-content\/uploads\/2024\/03\/IMG_20200705_143858-scaled.jpg\" class=\"attachment-full size-full wp-image-7932\" alt=\"\" srcset=\"https:\/\/campingmaisonneuve.com\/60ans\/wp-content\/uploads\/2024\/03\/IMG_20200705_143858-scaled.jpg 2560w, https:\/\/campingmaisonneuve.com\/60ans\/wp-content\/uploads\/2024\/03\/IMG_20200705_143858-300x150.jpg 300w, https:\/\/campingmaisonneuve.com\/60ans\/wp-content\/uploads\/2024\/03\/IMG_20200705_143858-1024x512.jpg 1024w, https:\/\/campingmaisonneuve.com\/60ans\/wp-content\/uploads\/2024\/03\/IMG_20200705_143858-768x384.jpg 768w, https:\/\/campingmaisonneuve.com\/60ans\/wp-content\/uploads\/2024\/03\/IMG_20200705_143858-1536x768.jpg 1536w, https:\/\/campingmaisonneuve.com\/60ans\/wp-content\/uploads\/2024\/03\/IMG_20200705_143858-2048x1024.jpg 2048w\" sizes=\"(max-width: 2560px) 100vw, 2560px\" \/>\t\t\t\t\t\t\t\t\t\t\t\t\t\t\t<\/div>\n\t\t\t\t<\/div>\n\t\t\t\t\t<\/div>\n\t\t<\/div>\n\t\t\t\t<div class=\"elementor-column elementor-col-50 elementor-top-column elementor-element elementor-element-5e304ff\" data-id=\"5e304ff\" data-element_type=\"column\">\n\t\t\t<div class=\"elementor-widget-wrap elementor-element-populated\">\n\t\t\t\t\t\t\t\t<div class=\"elementor-element elementor-element-5897a23 elementor-invisible elementor-widget elementor-widget-nuss-heading\" data-id=\"5897a23\" data-element_type=\"widget\" data-settings=\"{&quot;_animation&quot;:&quot;nussFadeInUp&quot;}\" data-widget_type=\"nuss-heading.default\">\n\t\t\t\t<div class=\"elementor-widget-container\">\n\t\t\t\t\t<div class=\"nuss-modern-heading\">\n\t\t\t\n\t\t\t\t\t<div class=\"heading-primary-wrap\">\n\t\t\t<span class=\"heading-primary elementor-heading-title\">4. \ud83c\udf24\ufe0f Een ideaal klimaat:<\/span>\t\t<\/div>\n\t\t\n\t\t\t\n\t\t\t\t\t<\/div>\n\t\t\t\t<\/div>\n\t\t\t\t<\/div>\n\t\t\t\t<div class=\"elementor-element elementor-element-c7f13ea elementor-invisible elementor-widget elementor-widget-heading\" data-id=\"c7f13ea\" data-element_type=\"widget\" data-settings=\"{&quot;_animation&quot;:&quot;nussFadeInUp&quot;}\" data-widget_type=\"heading.default\">\n\t\t\t\t<div class=\"elementor-widget-container\">\n\t\t\t<h3 class=\"elementor-heading-title elementor-size-default\">geen hittegolf, geen regen<\/h3>\t\t<\/div>\n\t\t\t\t<\/div>\n\t\t\t\t<div class=\"elementor-element elementor-element-607379a elementor-invisible elementor-widget elementor-widget-text-editor\" data-id=\"607379a\" data-element_type=\"widget\" data-settings=\"{&quot;_animation&quot;:&quot;nussFadeInUp&quot;}\" data-widget_type=\"text-editor.default\">\n\t\t\t\t<div class=\"elementor-widget-container\">\n\t\t\t\t\t\t\t<p>In tegenstelling tot wat men vaak denkt, biedt september \u00e9\u00e9n van de aangenaamste klimaten in de Dordogne: zachte dagen met temperaturen rond de 22-26 \u00b0C, koelere nachten (12-14 \u00b0C) \u2013 perfect om te slapen zonder last van muggen. De zon schijnt nog volop en regen is zeldzaam. \ud83c\udf1e Ideaal om te wandelen, bezienswaardigheden te bezoeken, te kano\u00ebn of te picknicken, zonder de extreme drukte van juli-augustus.<\/p>\t\t\t\t\t\t<\/div>\n\t\t\t\t<\/div>\n\t\t\t\t\t<\/div>\n\t\t<\/div>\n\t\t\t\t\t\t\t<\/div>\n\t\t<\/section>\n\t\t\t\t<section class=\"elementor-section elementor-top-section elementor-element elementor-element-f07b5e3 elementor-section-gap-beside-no elementor-hidden-desktop elementor-hidden-tablet elementor-section-boxed elementor-section-height-default elementor-section-height-default elementor-section-column-vertical-align-stretch\" data-id=\"f07b5e3\" data-element_type=\"section\">\n\t\t\t\t\t\t<div class=\"elementor-container elementor-column-gap-extended\">\n\t\t\t\t\t<div class=\"elementor-column elementor-col-50 elementor-top-column elementor-element elementor-element-355a794\" data-id=\"355a794\" data-element_type=\"column\">\n\t\t\t<div class=\"elementor-widget-wrap elementor-element-populated\">\n\t\t\t\t\t\t\t\t<div class=\"elementor-element elementor-element-c1fdc95 elementor-invisible elementor-widget elementor-widget-nuss-heading\" data-id=\"c1fdc95\" data-element_type=\"widget\" data-settings=\"{&quot;_animation&quot;:&quot;nussFadeInUp&quot;}\" data-widget_type=\"nuss-heading.default\">\n\t\t\t\t<div class=\"elementor-widget-container\">\n\t\t\t\t\t<div class=\"nuss-modern-heading\">\n\t\t\t\n\t\t\t\t\t<div class=\"heading-primary-wrap\">\n\t\t\t<span class=\"heading-primary elementor-heading-title\">4. \ud83c\udf24\ufe0f Een ideaal klimaat:<\/span>\t\t<\/div>\n\t\t\n\t\t\t\n\t\t\t\t\t<\/div>\n\t\t\t\t<\/div>\n\t\t\t\t<\/div>\n\t\t\t\t<div class=\"elementor-element elementor-element-e3daf23 elementor-invisible elementor-widget elementor-widget-heading\" data-id=\"e3daf23\" data-element_type=\"widget\" data-settings=\"{&quot;_animation&quot;:&quot;nussFadeInUp&quot;}\" data-widget_type=\"heading.default\">\n\t\t\t\t<div class=\"elementor-widget-container\">\n\t\t\t<h3 class=\"elementor-heading-title elementor-size-default\">geen hittegolf, geen regen<\/h3>\t\t<\/div>\n\t\t\t\t<\/div>\n\t\t\t\t<div class=\"elementor-element elementor-element-ae918af elementor-invisible elementor-widget elementor-widget-text-editor\" data-id=\"ae918af\" data-element_type=\"widget\" data-settings=\"{&quot;_animation&quot;:&quot;nussFadeInUp&quot;}\" data-widget_type=\"text-editor.default\">\n\t\t\t\t<div class=\"elementor-widget-container\">\n\t\t\t\t\t\t\t<p>In tegenstelling tot wat men vaak denkt, biedt september \u00e9\u00e9n van de aangenaamste klimaten in de Dordogne: zachte dagen met temperaturen rond de 22-26 \u00b0C, koelere nachten (12-14 \u00b0C) \u2013 perfect om te slapen zonder last van muggen. De zon schijnt nog volop en regen is zeldzaam. \ud83c\udf1e Ideaal om te wandelen, bezienswaardigheden te bezoeken, te kano\u00ebn of te picknicken, zonder de extreme drukte van juli-augustus.<\/p>\t\t\t\t\t\t<\/div>\n\t\t\t\t<\/div>\n\t\t\t\t\t<\/div>\n\t\t<\/div>\n\t\t\t\t<div class=\"elementor-column elementor-col-50 elementor-top-column elementor-element elementor-element-7e373a3\" data-id=\"7e373a3\" data-element_type=\"column\">\n\t\t\t<div class=\"elementor-widget-wrap elementor-element-populated\">\n\t\t\t\t\t\t\t\t<div class=\"elementor-element elementor-element-83729ad elementor-invisible nuss-elementor-loading nuss-slide-in-right elementor-widget elementor-widget-image\" data-id=\"83729ad\" data-element_type=\"widget\" data-settings=\"{&quot;_animation&quot;:&quot;nussSlideInRight&quot;}\" data-widget_type=\"image.default\">\n\t\t\t\t<div class=\"elementor-widget-container\">\n\t\t\t\t\t\t\t\t\t\t\t\t\t\t\t<img loading=\"lazy\" decoding=\"async\" width=\"2560\" height=\"1280\" src=\"https:\/\/campingmaisonneuve.com\/60ans\/wp-content\/uploads\/2024\/03\/IMG_20200705_143858-scaled.jpg\" class=\"attachment-full size-full wp-image-7932\" alt=\"\" srcset=\"https:\/\/campingmaisonneuve.com\/60ans\/wp-content\/uploads\/2024\/03\/IMG_20200705_143858-scaled.jpg 2560w, https:\/\/campingmaisonneuve.com\/60ans\/wp-content\/uploads\/2024\/03\/IMG_20200705_143858-300x150.jpg 300w, https:\/\/campingmaisonneuve.com\/60ans\/wp-content\/uploads\/2024\/03\/IMG_20200705_143858-1024x512.jpg 1024w, https:\/\/campingmaisonneuve.com\/60ans\/wp-content\/uploads\/2024\/03\/IMG_20200705_143858-768x384.jpg 768w, https:\/\/campingmaisonneuve.com\/60ans\/wp-content\/uploads\/2024\/03\/IMG_20200705_143858-1536x768.jpg 1536w, https:\/\/campingmaisonneuve.com\/60ans\/wp-content\/uploads\/2024\/03\/IMG_20200705_143858-2048x1024.jpg 2048w\" sizes=\"(max-width: 2560px) 100vw, 2560px\" \/>\t\t\t\t\t\t\t\t\t\t\t\t\t\t\t<\/div>\n\t\t\t\t<\/div>\n\t\t\t\t\t<\/div>\n\t\t<\/div>\n\t\t\t\t\t\t\t<\/div>\n\t\t<\/section>\n\t\t\t\t<section class=\"elementor-section elementor-top-section elementor-element elementor-element-6880c38 elementor-section-gap-beside-no elementor-section-boxed elementor-section-height-default elementor-section-height-default elementor-section-column-vertical-align-stretch\" data-id=\"6880c38\" data-element_type=\"section\">\n\t\t\t\t\t\t<div class=\"elementor-container elementor-column-gap-extended\">\n\t\t\t\t\t<div class=\"elementor-column elementor-col-50 elementor-top-column elementor-element elementor-element-aaae3e9\" data-id=\"aaae3e9\" data-element_type=\"column\">\n\t\t\t<div class=\"elementor-widget-wrap elementor-element-populated\">\n\t\t\t\t\t\t\t\t<div class=\"elementor-element elementor-element-16ff111 elementor-invisible elementor-widget elementor-widget-nuss-heading\" data-id=\"16ff111\" data-element_type=\"widget\" data-settings=\"{&quot;_animation&quot;:&quot;nussFadeInUp&quot;}\" data-widget_type=\"nuss-heading.default\">\n\t\t\t\t<div class=\"elementor-widget-container\">\n\t\t\t\t\t<div class=\"nuss-modern-heading\">\n\t\t\t\n\t\t\t\t\t<div class=\"heading-primary-wrap\">\n\t\t\t<span class=\"heading-primary elementor-heading-title\">5. \ud83d\udcf8 Zacht licht,<\/span>\t\t<\/div>\n\t\t\n\t\t\t\n\t\t\t\t\t<\/div>\n\t\t\t\t<\/div>\n\t\t\t\t<\/div>\n\t\t\t\t<div class=\"elementor-element elementor-element-3736687 elementor-invisible elementor-widget elementor-widget-heading\" data-id=\"3736687\" data-element_type=\"widget\" data-settings=\"{&quot;_animation&quot;:&quot;nussFadeInUp&quot;}\" data-widget_type=\"heading.default\">\n\t\t\t\t<div class=\"elementor-widget-container\">\n\t\t\t<h3 class=\"elementor-heading-title elementor-size-default\">een paradijs voor fotografen\n<\/h3>\t\t<\/div>\n\t\t\t\t<\/div>\n\t\t\t\t<div class=\"elementor-element elementor-element-c2f1333 elementor-invisible elementor-widget elementor-widget-text-editor\" data-id=\"c2f1333\" data-element_type=\"widget\" data-settings=\"{&quot;_animation&quot;:&quot;nussFadeInUp&quot;}\" data-widget_type=\"text-editor.default\">\n\t\t\t\t<div class=\"elementor-widget-container\">\n\t\t\t\t\t\t\t<p>September is een feest voor fotografieliefhebbers: het late zomerlicht, goudkleurig bij zonsopkomst en zonsondergang, maakt foto\u2019s magisch. Met minder mensen is het bovendien makkelijk om landschappen vast te leggen zonder drukte, voor pure, authentieke en vaak betoverende beelden.<\/p>\t\t\t\t\t\t<\/div>\n\t\t\t\t<\/div>\n\t\t\t\t\t<\/div>\n\t\t<\/div>\n\t\t\t\t<div class=\"elementor-column elementor-col-50 elementor-top-column elementor-element elementor-element-3559e80\" data-id=\"3559e80\" data-element_type=\"column\">\n\t\t\t<div class=\"elementor-widget-wrap elementor-element-populated\">\n\t\t\t\t\t\t\t\t<div class=\"elementor-element elementor-element-f6d2b8b elementor-invisible nuss-elementor-loading nuss-slide-in-right elementor-widget elementor-widget-image\" data-id=\"f6d2b8b\" data-element_type=\"widget\" data-settings=\"{&quot;_animation&quot;:&quot;nussSlideInRight&quot;}\" data-widget_type=\"image.default\">\n\t\t\t\t<div class=\"elementor-widget-container\">\n\t\t\t\t\t\t\t\t\t\t\t\t\t\t\t<img loading=\"lazy\" decoding=\"async\" width=\"2048\" height=\"1536\" src=\"https:\/\/campingmaisonneuve.com\/60ans\/wp-content\/uploads\/2023\/10\/Glamping-in-France-Camping-Maisonneuve-min1.jpg\" class=\"attachment-full size-full wp-image-5541\" alt=\"\" srcset=\"https:\/\/campingmaisonneuve.com\/60ans\/wp-content\/uploads\/2023\/10\/Glamping-in-France-Camping-Maisonneuve-min1.jpg 2048w, https:\/\/campingmaisonneuve.com\/60ans\/wp-content\/uploads\/2023\/10\/Glamping-in-France-Camping-Maisonneuve-min1-300x225.jpg 300w, https:\/\/campingmaisonneuve.com\/60ans\/wp-content\/uploads\/2023\/10\/Glamping-in-France-Camping-Maisonneuve-min1-1024x768.jpg 1024w, https:\/\/campingmaisonneuve.com\/60ans\/wp-content\/uploads\/2023\/10\/Glamping-in-France-Camping-Maisonneuve-min1-768x576.jpg 768w, https:\/\/campingmaisonneuve.com\/60ans\/wp-content\/uploads\/2023\/10\/Glamping-in-France-Camping-Maisonneuve-min1-1536x1152.jpg 1536w, https:\/\/campingmaisonneuve.com\/60ans\/wp-content\/uploads\/2023\/10\/Glamping-in-France-Camping-Maisonneuve-min1-600x450.jpg 600w\" sizes=\"(max-width: 2048px) 100vw, 2048px\" \/>\t\t\t\t\t\t\t\t\t\t\t\t\t\t\t<\/div>\n\t\t\t\t<\/div>\n\t\t\t\t\t<\/div>\n\t\t<\/div>\n\t\t\t\t\t\t\t<\/div>\n\t\t<\/section>\n\t\t\t\t<section class=\"elementor-section elementor-top-section elementor-element elementor-element-e5877e5 elementor-section-gap-beside-no elementor-hidden-mobile elementor-section-boxed elementor-section-height-default elementor-section-height-default elementor-section-column-vertical-align-stretch\" data-id=\"e5877e5\" data-element_type=\"section\">\n\t\t\t\t\t\t<div class=\"elementor-container elementor-column-gap-extended\">\n\t\t\t\t\t<div class=\"elementor-column elementor-col-50 elementor-top-column elementor-element elementor-element-a6c6c56\" data-id=\"a6c6c56\" data-element_type=\"column\">\n\t\t\t<div class=\"elementor-widget-wrap elementor-element-populated\">\n\t\t\t\t\t\t\t\t<div class=\"elementor-element elementor-element-0b252ba elementor-invisible nuss-elementor-loading nuss-slide-in-right elementor-widget elementor-widget-image\" data-id=\"0b252ba\" data-element_type=\"widget\" data-settings=\"{&quot;_animation&quot;:&quot;nussSlideInRight&quot;}\" data-widget_type=\"image.default\">\n\t\t\t\t<div class=\"elementor-widget-container\">\n\t\t\t\t\t\t\t\t\t\t\t\t\t\t\t<img loading=\"lazy\" decoding=\"async\" width=\"2560\" height=\"1920\" src=\"https:\/\/campingmaisonneuve.com\/60ans\/wp-content\/uploads\/2024\/09\/IMG_20180713_215411-scaled.jpg\" class=\"attachment-full size-full wp-image-8292\" alt=\"\" srcset=\"https:\/\/campingmaisonneuve.com\/60ans\/wp-content\/uploads\/2024\/09\/IMG_20180713_215411-scaled.jpg 2560w, https:\/\/campingmaisonneuve.com\/60ans\/wp-content\/uploads\/2024\/09\/IMG_20180713_215411-300x225.jpg 300w, https:\/\/campingmaisonneuve.com\/60ans\/wp-content\/uploads\/2024\/09\/IMG_20180713_215411-1024x768.jpg 1024w, https:\/\/campingmaisonneuve.com\/60ans\/wp-content\/uploads\/2024\/09\/IMG_20180713_215411-768x576.jpg 768w, https:\/\/campingmaisonneuve.com\/60ans\/wp-content\/uploads\/2024\/09\/IMG_20180713_215411-1536x1152.jpg 1536w, https:\/\/campingmaisonneuve.com\/60ans\/wp-content\/uploads\/2024\/09\/IMG_20180713_215411-2048x1536.jpg 2048w\" sizes=\"(max-width: 2560px) 100vw, 2560px\" \/>\t\t\t\t\t\t\t\t\t\t\t\t\t\t\t<\/div>\n\t\t\t\t<\/div>\n\t\t\t\t\t<\/div>\n\t\t<\/div>\n\t\t\t\t<div class=\"elementor-column elementor-col-50 elementor-top-column elementor-element elementor-element-92c421f\" data-id=\"92c421f\" data-element_type=\"column\">\n\t\t\t<div class=\"elementor-widget-wrap elementor-element-populated\">\n\t\t\t\t\t\t\t\t<div class=\"elementor-element elementor-element-772f35c elementor-invisible elementor-widget elementor-widget-nuss-heading\" data-id=\"772f35c\" data-element_type=\"widget\" data-settings=\"{&quot;_animation&quot;:&quot;nussFadeInUp&quot;}\" data-widget_type=\"nuss-heading.default\">\n\t\t\t\t<div class=\"elementor-widget-container\">\n\t\t\t\t\t<div class=\"nuss-modern-heading\">\n\t\t\t\n\t\t\t\t\t<div class=\"heading-primary-wrap\">\n\t\t\t<span class=\"heading-primary elementor-heading-title\">6. \u267b\ufe0f Duurzamer<\/span>\t\t<\/div>\n\t\t\n\t\t\t\n\t\t\t\t\t<\/div>\n\t\t\t\t<\/div>\n\t\t\t\t<\/div>\n\t\t\t\t<div class=\"elementor-element elementor-element-d7bf3be elementor-invisible elementor-widget elementor-widget-heading\" data-id=\"d7bf3be\" data-element_type=\"widget\" data-settings=\"{&quot;_animation&quot;:&quot;nussFadeInUp&quot;}\" data-widget_type=\"heading.default\">\n\t\t\t\t<div class=\"elementor-widget-container\">\n\t\t\t<h3 class=\"elementor-heading-title elementor-size-default\">toerisme<\/h3>\t\t<\/div>\n\t\t\t\t<\/div>\n\t\t\t\t<div class=\"elementor-element elementor-element-be48053 elementor-invisible elementor-widget elementor-widget-text-editor\" data-id=\"be48053\" data-element_type=\"widget\" data-settings=\"{&quot;_animation&quot;:&quot;nussFadeInUp&quot;}\" data-widget_type=\"text-editor.default\">\n\t\t\t\t<div class=\"elementor-widget-container\">\n\t\t\t\t\t\t\t<p>Het laagseizoen is ook een vorm van duurzaam toerisme. Het verlaagt de druk op lokale middelen, ondersteunt de economie van de regio en moedigt een bewustere manier van reizen aan. Door in september voor Camping Maisonneuve te kiezen, draag je bij aan een respectvol en solidair reisconcept.<\/p>\t\t\t\t\t\t<\/div>\n\t\t\t\t<\/div>\n\t\t\t\t\t<\/div>\n\t\t<\/div>\n\t\t\t\t\t\t\t<\/div>\n\t\t<\/section>\n\t\t\t\t<section class=\"elementor-section elementor-top-section elementor-element elementor-element-d6a2b8c elementor-section-gap-beside-no elementor-hidden-desktop elementor-hidden-tablet elementor-section-boxed elementor-section-height-default elementor-section-height-default elementor-section-column-vertical-align-stretch\" data-id=\"d6a2b8c\" data-element_type=\"section\">\n\t\t\t\t\t\t<div class=\"elementor-container elementor-column-gap-extended\">\n\t\t\t\t\t<div class=\"elementor-column elementor-col-50 elementor-top-column elementor-element elementor-element-f7991eb\" data-id=\"f7991eb\" data-element_type=\"column\">\n\t\t\t<div class=\"elementor-widget-wrap elementor-element-populated\">\n\t\t\t\t\t\t\t\t<div class=\"elementor-element elementor-element-08b7a63 elementor-invisible elementor-widget elementor-widget-nuss-heading\" data-id=\"08b7a63\" data-element_type=\"widget\" data-settings=\"{&quot;_animation&quot;:&quot;nussFadeInUp&quot;}\" data-widget_type=\"nuss-heading.default\">\n\t\t\t\t<div class=\"elementor-widget-container\">\n\t\t\t\t\t<div class=\"nuss-modern-heading\">\n\t\t\t\n\t\t\t\t\t<div class=\"heading-primary-wrap\">\n\t\t\t<span class=\"heading-primary elementor-heading-title\">6. \u267b\ufe0f Duurzamer<\/span>\t\t<\/div>\n\t\t\n\t\t\t\n\t\t\t\t\t<\/div>\n\t\t\t\t<\/div>\n\t\t\t\t<\/div>\n\t\t\t\t<div class=\"elementor-element elementor-element-b2b01c5 elementor-invisible elementor-widget elementor-widget-heading\" data-id=\"b2b01c5\" data-element_type=\"widget\" data-settings=\"{&quot;_animation&quot;:&quot;nussFadeInUp&quot;}\" data-widget_type=\"heading.default\">\n\t\t\t\t<div class=\"elementor-widget-container\">\n\t\t\t<h3 class=\"elementor-heading-title elementor-size-default\">toerisme<\/h3>\t\t<\/div>\n\t\t\t\t<\/div>\n\t\t\t\t<div class=\"elementor-element elementor-element-a16dce8 elementor-invisible elementor-widget elementor-widget-text-editor\" data-id=\"a16dce8\" data-element_type=\"widget\" data-settings=\"{&quot;_animation&quot;:&quot;nussFadeInUp&quot;}\" data-widget_type=\"text-editor.default\">\n\t\t\t\t<div class=\"elementor-widget-container\">\n\t\t\t\t\t\t\t<p>Het laagseizoen is ook een vorm van duurzaam toerisme. Het verlaagt de druk op lokale middelen, ondersteunt de economie van de regio en moedigt een bewustere manier van reizen aan. Door in september voor Camping Maisonneuve te kiezen, draag je bij aan een respectvol en solidair reisconcept.<\/p>\t\t\t\t\t\t<\/div>\n\t\t\t\t<\/div>\n\t\t\t\t\t<\/div>\n\t\t<\/div>\n\t\t\t\t<div class=\"elementor-column elementor-col-50 elementor-top-column elementor-element elementor-element-0146293\" data-id=\"0146293\" data-element_type=\"column\">\n\t\t\t<div class=\"elementor-widget-wrap elementor-element-populated\">\n\t\t\t\t\t\t\t\t<div class=\"elementor-element elementor-element-1d5bbed elementor-invisible nuss-elementor-loading nuss-slide-in-right elementor-widget elementor-widget-image\" data-id=\"1d5bbed\" data-element_type=\"widget\" data-settings=\"{&quot;_animation&quot;:&quot;nussSlideInRight&quot;}\" data-widget_type=\"image.default\">\n\t\t\t\t<div class=\"elementor-widget-container\">\n\t\t\t\t\t\t\t\t\t\t\t\t\t\t\t<img loading=\"lazy\" decoding=\"async\" width=\"2560\" height=\"1920\" src=\"https:\/\/campingmaisonneuve.com\/60ans\/wp-content\/uploads\/2024\/09\/IMG_20180713_215411-scaled.jpg\" class=\"attachment-full size-full wp-image-8292\" alt=\"\" srcset=\"https:\/\/campingmaisonneuve.com\/60ans\/wp-content\/uploads\/2024\/09\/IMG_20180713_215411-scaled.jpg 2560w, https:\/\/campingmaisonneuve.com\/60ans\/wp-content\/uploads\/2024\/09\/IMG_20180713_215411-300x225.jpg 300w, https:\/\/campingmaisonneuve.com\/60ans\/wp-content\/uploads\/2024\/09\/IMG_20180713_215411-1024x768.jpg 1024w, https:\/\/campingmaisonneuve.com\/60ans\/wp-content\/uploads\/2024\/09\/IMG_20180713_215411-768x576.jpg 768w, https:\/\/campingmaisonneuve.com\/60ans\/wp-content\/uploads\/2024\/09\/IMG_20180713_215411-1536x1152.jpg 1536w, https:\/\/campingmaisonneuve.com\/60ans\/wp-content\/uploads\/2024\/09\/IMG_20180713_215411-2048x1536.jpg 2048w\" sizes=\"(max-width: 2560px) 100vw, 2560px\" \/>\t\t\t\t\t\t\t\t\t\t\t\t\t\t\t<\/div>\n\t\t\t\t<\/div>\n\t\t\t\t\t<\/div>\n\t\t<\/div>\n\t\t\t\t\t\t\t<\/div>\n\t\t<\/section>\n\t\t\t\t<section class=\"elementor-section elementor-top-section elementor-element elementor-element-d1bba09 elementor-section-gap-beside-no elementor-section-boxed elementor-section-height-default elementor-section-height-default elementor-section-column-vertical-align-stretch\" data-id=\"d1bba09\" data-element_type=\"section\">\n\t\t\t\t\t\t<div class=\"elementor-container elementor-column-gap-extended\">\n\t\t\t\t\t<div class=\"elementor-column elementor-col-50 elementor-top-column elementor-element elementor-element-de272be\" data-id=\"de272be\" data-element_type=\"column\">\n\t\t\t<div class=\"elementor-widget-wrap elementor-element-populated\">\n\t\t\t\t\t\t\t\t<div class=\"elementor-element elementor-element-44f6a23 elementor-invisible elementor-widget elementor-widget-nuss-heading\" data-id=\"44f6a23\" data-element_type=\"widget\" data-settings=\"{&quot;_animation&quot;:&quot;nussFadeInUp&quot;}\" data-widget_type=\"nuss-heading.default\">\n\t\t\t\t<div class=\"elementor-widget-container\">\n\t\t\t\t\t<div class=\"nuss-modern-heading\">\n\t\t\t\n\t\t\t\t\t<div class=\"heading-primary-wrap\">\n\t\t\t<span class=\"heading-primary elementor-heading-title\">7. \ud83c\udf88 Profiter d\u2019\u00e9v\u00e9nements <\/span>\t\t<\/div>\n\t\t\n\t\t\t\n\t\t\t\t\t<\/div>\n\t\t\t\t<\/div>\n\t\t\t\t<\/div>\n\t\t\t\t<div class=\"elementor-element elementor-element-77e0030 elementor-invisible elementor-widget elementor-widget-heading\" data-id=\"77e0030\" data-element_type=\"widget\" data-settings=\"{&quot;_animation&quot;:&quot;nussFadeInUp&quot;}\" data-widget_type=\"heading.default\">\n\t\t\t\t<div class=\"elementor-widget-container\">\n\t\t\t<h3 class=\"elementor-heading-title elementor-size-default\">locaux typiques de septembre<\/h3>\t\t<\/div>\n\t\t\t\t<\/div>\n\t\t\t\t<div class=\"elementor-element elementor-element-464ab91 elementor-invisible elementor-widget elementor-widget-text-editor\" data-id=\"464ab91\" data-element_type=\"widget\" data-settings=\"{&quot;_animation&quot;:&quot;nussFadeInUp&quot;}\" data-widget_type=\"text-editor.default\">\n\t\t\t\t<div class=\"elementor-widget-container\">\n\t\t\t\t\t\t\t<ul><li><strong data-start=\"3156\" data-end=\"3214\">De Montgolfiades van Rocamadour (27-28 september 2025)<\/strong>: twee spectaculaire dagen met het opstijgen van een dertigtal luchtballonnen boven de kloof \u2013 <a class=\"decorated-link\" href=\"https:\/\/www.vallee-dordogne.com\/agenda\/grands-evenements\" target=\"_new\" rel=\"noopener\" data-start=\"3309\" data-end=\"3388\">vallee-dordogne.com<\/a>.<\/li><li data-start=\"3394\" data-end=\"3607\"><strong data-start=\"3394\" data-end=\"3444\">De Open Monumentendagen (20-21 september 2025)<\/strong>: unieke kans om bijzondere erfgoedsites te bezoeken die normaal gesloten zijn \u2013 <a class=\"decorated-link\" href=\"https:\/\/www.vallee-dordogne.com\/agenda\/grands-evenements\" target=\"_new\" rel=\"noopener\" data-start=\"3525\" data-end=\"3604\">vallee-dordogne.com<\/a>.<\/li><li data-start=\"3610\" data-end=\"3881\"><strong data-start=\"3610\" data-end=\"3720\">Tentoonstelling \u201cArborescences\u201d &amp; Avondwandeling \u201cHet burlen van de herten\u201d in Les Eyzies (september 2025)<\/strong>: meeslepende natuurervaringen, allemaal gratis \u2013 <a class=\"decorated-link\" href=\"https:\/\/www.lascaux-dordogne.com\/en\/notre-agenda\/les-animations-gratuites\/\" target=\"_new\" rel=\"noopener\" data-start=\"3770\" data-end=\"3878\">Lascaux Dordogne Vall\u00e9e V\u00e9z\u00e8re<\/a>.<\/li><\/ul><p>\ud83d\udccc Meer info: <a class=\"decorated-link\" href=\"http:\/\/vallee-dordogne.com\" target=\"_new\" rel=\"noopener\" data-start=\"3897\" data-end=\"3946\">vallee-dordogne.com<\/a><\/p>\t\t\t\t\t\t<\/div>\n\t\t\t\t<\/div>\n\t\t\t\t\t<\/div>\n\t\t<\/div>\n\t\t\t\t<div class=\"elementor-column elementor-col-50 elementor-top-column elementor-element elementor-element-50987bf\" data-id=\"50987bf\" data-element_type=\"column\">\n\t\t\t<div class=\"elementor-widget-wrap elementor-element-populated\">\n\t\t\t\t\t\t\t\t<div class=\"elementor-element elementor-element-ddf95de elementor-invisible nuss-elementor-loading nuss-slide-in-right elementor-widget elementor-widget-image\" data-id=\"ddf95de\" data-element_type=\"widget\" data-settings=\"{&quot;_animation&quot;:&quot;nussSlideInRight&quot;}\" data-widget_type=\"image.default\">\n\t\t\t\t<div class=\"elementor-widget-container\">\n\t\t\t\t\t\t\t\t\t\t\t\t\t\t\t<img loading=\"lazy\" decoding=\"async\" width=\"1920\" height=\"960\" src=\"https:\/\/campingmaisonneuve.com\/60ans\/wp-content\/uploads\/2025\/08\/FS6A2130-Enhanced-NR-Sarlat@DeclicDecolle-1920x9601-1.webp\" class=\"attachment-full size-full wp-image-9378\" alt=\"\" srcset=\"https:\/\/campingmaisonneuve.com\/60ans\/wp-content\/uploads\/2025\/08\/FS6A2130-Enhanced-NR-Sarlat@DeclicDecolle-1920x9601-1.webp 1920w, https:\/\/campingmaisonneuve.com\/60ans\/wp-content\/uploads\/2025\/08\/FS6A2130-Enhanced-NR-Sarlat@DeclicDecolle-1920x9601-1-300x150.webp 300w, https:\/\/campingmaisonneuve.com\/60ans\/wp-content\/uploads\/2025\/08\/FS6A2130-Enhanced-NR-Sarlat@DeclicDecolle-1920x9601-1-1024x512.webp 1024w, https:\/\/campingmaisonneuve.com\/60ans\/wp-content\/uploads\/2025\/08\/FS6A2130-Enhanced-NR-Sarlat@DeclicDecolle-1920x9601-1-768x384.webp 768w, https:\/\/campingmaisonneuve.com\/60ans\/wp-content\/uploads\/2025\/08\/FS6A2130-Enhanced-NR-Sarlat@DeclicDecolle-1920x9601-1-1536x768.webp 1536w\" sizes=\"(max-width: 1920px) 100vw, 1920px\" \/>\t\t\t\t\t\t\t\t\t\t\t\t\t\t\t<\/div>\n\t\t\t\t<\/div>\n\t\t\t\t\t<\/div>\n\t\t<\/div>\n\t\t\t\t\t\t\t<\/div>\n\t\t<\/section>\n\t\t\t\t<section class=\"elementor-section elementor-top-section elementor-element elementor-element-569e251 elementor-section-stretched elementor-section-boxed elementor-section-gap-beside-yes elementor-section-height-default elementor-section-height-default elementor-section-column-vertical-align-stretch\" data-id=\"569e251\" data-element_type=\"section\" data-settings=\"{&quot;stretch_section&quot;:&quot;section-stretched&quot;,&quot;background_background&quot;:&quot;classic&quot;}\">\n\t\t\t\t\t\t<div class=\"elementor-container elementor-column-gap-extended\">\n\t\t\t\t\t<div class=\"elementor-column elementor-col-33 elementor-top-column elementor-element elementor-element-c24a1db\" data-id=\"c24a1db\" data-element_type=\"column\">\n\t\t\t<div class=\"elementor-widget-wrap elementor-element-populated\">\n\t\t\t\t\t\t\t\t<div class=\"elementor-element elementor-element-e42a725 elementor-widget__width-initial elementor-widget-mobile__width-initial elementor-widget elementor-widget-image\" data-id=\"e42a725\" data-element_type=\"widget\" data-widget_type=\"image.default\">\n\t\t\t\t<div class=\"elementor-widget-container\">\n\t\t\t\t\t\t\t\t\t\t\t\t\t\t\t<img loading=\"lazy\" decoding=\"async\" width=\"270\" height=\"262\" src=\"https:\/\/campingmaisonneuve.com\/60ans\/wp-content\/uploads\/2021\/06\/logos-camping-maisonneuve-footer1.png\" class=\"attachment-large size-large wp-image-5477\" alt=\"\" \/>\t\t\t\t\t\t\t\t\t\t\t\t\t\t\t<\/div>\n\t\t\t\t<\/div>\n\t\t\t\t\t<\/div>\n\t\t<\/div>\n\t\t\t\t<div class=\"elementor-column elementor-col-66 elementor-top-column elementor-element elementor-element-ce4b021\" data-id=\"ce4b021\" data-element_type=\"column\">\n\t\t\t<div class=\"elementor-widget-wrap elementor-element-populated\">\n\t\t\t\t\t\t\t\t<div class=\"elementor-element elementor-element-1645920 elementor-invisible elementor-widget elementor-widget-heading\" data-id=\"1645920\" data-element_type=\"widget\" data-settings=\"{&quot;_animation&quot;:&quot;nussFadeInUp&quot;}\" data-widget_type=\"heading.default\">\n\t\t\t\t<div class=\"elementor-widget-container\">\n\t\t\t<h3 class=\"elementor-heading-title elementor-size-default\">In het kort\u2026<\/h3>\t\t<\/div>\n\t\t\t\t<\/div>\n\t\t\t\t<div class=\"elementor-element elementor-element-597c927 elementor-widget__width-initial elementor-hidden-tablet elementor-hidden-mobile elementor-invisible elementor-widget elementor-widget-text-editor\" data-id=\"597c927\" data-element_type=\"widget\" data-settings=\"{&quot;_animation&quot;:&quot;nussFadeInUp&quot;}\" data-widget_type=\"text-editor.default\">\n\t\t\t\t<div class=\"elementor-widget-container\">\n\t\t\t\t\t\t\t<p data-start=\"3973\" data-end=\"4016\"><span style=\"color: #ffffff;\">en vakantie in september laat je toe om:<\/span><\/p>\n\n<ul data-start=\"4017\" data-end=\"4433\">\n \t<li data-start=\"4017\" data-end=\"4069\">\n<p data-start=\"4019\" data-end=\"4069\"><span style=\"color: #ffffff;\">Ten volle te genieten van de natuur in alle rust<\/span><\/p>\n<\/li>\n \t<li data-start=\"4070\" data-end=\"4135\">\n<p data-start=\"4072\" data-end=\"4135\"><span style=\"color: #ffffff;\">Je ritme te hervinden, te vertragen en jezelf terug te vinden<\/span><\/p>\n<\/li>\n \t<li data-start=\"4136\" data-end=\"4200\">\n<p data-start=\"4138\" data-end=\"4200\"><span style=\"color: #ffffff;\">Je uitgaven te verminderen zonder in te boeten aan kwaliteit<\/span><\/p>\n<\/li>\n \t<li data-start=\"4201\" data-end=\"4265\">\n<p data-start=\"4203\" data-end=\"4265\"><span style=\"color: #ffffff;\">Te profiteren van een ideaal klimaat voor buitenactiviteiten<\/span><\/p>\n<\/li>\n \t<li data-start=\"4266\" data-end=\"4317\">\n<p data-start=\"4268\" data-end=\"4317\"><span style=\"color: #ffffff;\">Magische momenten vast te leggen in zacht licht<\/span><\/p>\n<\/li>\n \t<li data-start=\"4318\" data-end=\"4362\">\n<p data-start=\"4320\" data-end=\"4362\"><span style=\"color: #ffffff;\">Anders te reizen, op een duurzame manier<\/span><\/p>\n<\/li>\n \t<li data-start=\"4363\" data-end=\"4433\">\n<p data-start=\"4365\" data-end=\"4433\"><span style=\"color: #ffffff;\">Deel te nemen aan authentieke en onvergetelijke lokale evenementen<\/span><\/p>\n<\/li>\n<\/ul>\n<p data-start=\"4435\" data-end=\"4671\"><span style=\"color: #ffffff;\">Camping Maisonneuve verwelkomt je tot eind september: kampeerplaatsen, accommodaties, rivierlocatie, warme ontvangst\u2026 Alles is aanwezig voor een rustige, verkwikkende vakantie \u2013 nu ook verrijkt met boeiende regionale activiteiten!<\/span><\/p>\n<p data-start=\"4673\" data-end=\"4778\"><span style=\"color: #ffffff;\">\ud83c\udf0d Reserveer nu je vakantie in het hart van de P\u00e9rigord Noir.<\/span><br data-start=\"4734\" data-end=\"4737\" \/><span style=\"color: #ffffff;\">\ud83d\udcde Direct contact: +33 (0)5 53 29 86 50<\/span><\/p>\t\t\t\t\t\t<\/div>\n\t\t\t\t<\/div>\n\t\t\t\t<div class=\"elementor-element elementor-element-42b8999 elementor-widget__width-initial elementor-widget-mobile__width-initial elementor-hidden-desktop elementor-invisible elementor-widget elementor-widget-text-editor\" data-id=\"42b8999\" data-element_type=\"widget\" data-settings=\"{&quot;_animation&quot;:&quot;nussFadeInUp&quot;}\" data-widget_type=\"text-editor.default\">\n\t\t\t\t<div class=\"elementor-widget-container\">\n\t\t\t\t\t\t\t<p data-start=\"3973\" data-end=\"4016\"><span style=\"color: #ffffff;\">en vakantie in september laat je toe om:<\/span><\/p>\n\n<ul data-start=\"4017\" data-end=\"4433\">\n \t<li data-start=\"4017\" data-end=\"4069\">\n<p data-start=\"4019\" data-end=\"4069\"><span style=\"color: #ffffff;\">Ten volle te genieten van de natuur in alle rust<\/span><\/p>\n<\/li>\n \t<li data-start=\"4070\" data-end=\"4135\">\n<p data-start=\"4072\" data-end=\"4135\"><span style=\"color: #ffffff;\">Je ritme te hervinden, te vertragen en jezelf terug te vinden<\/span><\/p>\n<\/li>\n \t<li data-start=\"4136\" data-end=\"4200\">\n<p data-start=\"4138\" data-end=\"4200\"><span style=\"color: #ffffff;\">Je uitgaven te verminderen zonder in te boeten aan kwaliteit<\/span><\/p>\n<\/li>\n \t<li data-start=\"4201\" data-end=\"4265\">\n<p data-start=\"4203\" data-end=\"4265\"><span style=\"color: #ffffff;\">Te profiteren van een ideaal klimaat voor buitenactiviteiten<\/span><\/p>\n<\/li>\n \t<li data-start=\"4266\" data-end=\"4317\">\n<p data-start=\"4268\" data-end=\"4317\"><span style=\"color: #ffffff;\">Magische momenten vast te leggen in zacht licht<\/span><\/p>\n<\/li>\n \t<li data-start=\"4318\" data-end=\"4362\">\n<p data-start=\"4320\" data-end=\"4362\"><span style=\"color: #ffffff;\">Anders te reizen, op een duurzame manier<\/span><\/p>\n<\/li>\n \t<li data-start=\"4363\" data-end=\"4433\">\n<p data-start=\"4365\" data-end=\"4433\"><span style=\"color: #ffffff;\">Deel te nemen aan authentieke en onvergetelijke lokale evenementen<\/span><\/p>\n<\/li>\n<\/ul>\n<p data-start=\"4435\" data-end=\"4671\"><span style=\"color: #ffffff;\">Camping Maisonneuve verwelkomt je tot eind september: kampeerplaatsen, accommodaties, rivierlocatie, warme ontvangst\u2026 Alles is aanwezig voor een rustige, verkwikkende vakantie \u2013 nu ook verrijkt met boeiende regionale activiteiten!<\/span><\/p>\n<p data-start=\"4673\" data-end=\"4778\"><span style=\"color: #ffffff;\">\ud83c\udf0d Reserveer nu je vakantie in het hart van de P\u00e9rigord Noir.<\/span><br data-start=\"4734\" data-end=\"4737\" \/><span style=\"color: #ffffff;\">\ud83d\udcde Direct contact: +33 (0)5 53 29 86 50<\/span><\/p>\t\t\t\t\t\t<\/div>\n\t\t\t\t<\/div>\n\t\t\t\t\t<\/div>\n\t\t<\/div>\n\t\t\t\t\t\t\t<\/div>\n\t\t<\/section>\n\t\t<div class=\"elementor-element elementor-element-3071243 e-flex e-con-boxed e-con e-parent\" data-id=\"3071243\" data-element_type=\"container\" data-settings=\"{&quot;container_type&quot;:&quot;flex&quot;,&quot;content_width&quot;:&quot;boxed&quot;}\" data-core-v316-plus=\"true\">\n\t\t\t\t\t<div class=\"e-con-inner\">\n\t\t\t\t<div class=\"elementor-element elementor-element-98569da elementor-widget elementor-widget-html\" data-id=\"98569da\" data-element_type=\"widget\" data-widget_type=\"html.default\">\n\t\t\t\t<div class=\"elementor-widget-container\">\n\t\t\t<!-- FAQ Section - Blog Septembre (NL) -->\n<div class=\"faq-container\">\n  <h2 class=\"faq-title\" id=\"faq-section\">Veelgestelde vragen over vakanties in september<\/h2>\n  <p class=\"faq-subtitle\">Ontdek waarom <strong>september<\/strong> de ideale maand is om de authentieke ervaring van <strong>slow tourism<\/strong> in de <strong>P\u00e9rigord Noir<\/strong> te beleven<\/p>\n\n  <!-- Q-SEPT-1 -->\n  <div class=\"faq-item\" id=\"faq-sept-1\" aria-expanded=\"true\">\n    <button class=\"faq-question\" aria-controls=\"ans-sept-1\">\n      <h3>Waarom kiezen voor de <strong>P\u00e9rigord Noir<\/strong> in september?<\/h3>\n      <span class=\"faq-icon\" aria-hidden=\"true\">\n        <svg width=\"24\" height=\"24\" viewBox=\"0 0 24 24\" fill=\"none\" xmlns=\"http:\/\/www.w3.org\/2000\/svg\">\n          <path d=\"M6 9L12 15L18 9\" stroke=\"currentColor\" stroke-width=\"2\" stroke-linecap=\"round\" stroke-linejoin=\"round\"\/>\n        <\/svg>\n      <\/span>\n    <\/button>\n    <div class=\"faq-answer\" id=\"ans-sept-1\">\n      <div class=\"faq-answer-content\">\n        <p>In september is het klimaat simpelweg ideaal in onze regio, met milde en zonnige dagen die meestal schommelen tussen 22 en 26 \u00b0C. Het is de perfecte gelegenheid om de tarieven voor onze mobilhomes en grote kampeerplaatsen <strong>gehalveerd<\/strong> te zien worden, terwijl u de zomerdrukte bij de grote historische bezienswaardigheden van de Dordogne vermijdt.<\/p>\n        <p class=\"faq-expertise\"><strong>Onze ervaring sinds 1964:<\/strong> Al meer dan 60 jaar ziet onze familie de seizoenen voorbijgaan. We kunnen u verzekeren dat september de favoriete maand is voor liefhebbers van rust en slow tourism, met een intieme verbinding met de natuur zonder de hectiek van het hoogseizoen.<\/p>\n      <\/div>\n    <\/div>\n  <\/div>\n\n  <!-- Q-SEPT-2 -->\n  <div class=\"faq-item\" id=\"faq-sept-2\" aria-expanded=\"false\">\n    <button class=\"faq-question\" aria-controls=\"ans-sept-2\">\n      <h3>Blijven de voorzieningen van Camping Maisonneuve open in <strong>september<\/strong>?<\/h3>\n      <span class=\"faq-icon\" aria-hidden=\"true\">\n        <svg width=\"24\" height=\"24\" viewBox=\"0 0 24 24\" fill=\"none\" xmlns=\"http:\/\/www.w3.org\/2000\/svg\">\n          <path d=\"M6 9L12 15L18 9\" stroke=\"currentColor\" stroke-width=\"2\" stroke-linecap=\"round\" stroke-linejoin=\"round\"\/>\n        <\/svg>\n      <\/span>\n    <\/button>\n    <div class=\"faq-answer\" id=\"ans-sept-2\" hidden>\n      <div class=\"faq-answer-content\">\n        <p><strong>Ja, absoluut<\/strong>. In tegenstelling tot andere parken blijven al onze belangrijkste voorzieningen actief. U geniet volop van ons <a href=\"https:\/\/campingmaisonneuve.com\/nl\/onze-camping\/\" class=\"faq-link\" rel=\"noopener\"><strong>verwarmde zwembad<\/strong><\/a>, onze familiereceptie en ons persoonlijke advies voor uw dagelijkse uitstapjes.<\/p>\n        <p class=\"faq-expertise\"><strong>Onze servicebelofte:<\/strong> Wij zorgen er persoonlijk voor dat de kwaliteit van onze ontvangst en infrastructuur van de eerste tot de laatste dag dat ons domein geopend is strikt identiek blijft.<\/p>\n      <\/div>\n    <\/div>\n  <\/div>\n\n  <!-- Q-SEPT-3 -->\n  <div class=\"faq-item\" id=\"faq-sept-3\" aria-expanded=\"false\">\n    <button class=\"faq-question\" aria-controls=\"ans-sept-3\">\n      <h3>Wat zijn de <strong>aanbevolen activiteiten<\/strong> in de Dordogne in het najaar?<\/h3>\n      <span class=\"faq-icon\" aria-hidden=\"true\">\n        <svg width=\"24\" height=\"24\" viewBox=\"0 0 24 24\" fill=\"none\" xmlns=\"http:\/\/www.w3.org\/2000\/svg\">\n          <path d=\"M6 9L12 15L18 9\" stroke=\"currentColor\" stroke-width=\"2\" stroke-linecap=\"round\" stroke-linejoin=\"round\"\/>\n        <\/svg>\n      <\/span>\n    <\/button>\n    <div class=\"faq-answer\" id=\"ans-sept-3\" hidden>\n      <div class=\"faq-answer-content\">\n        <p>Het najaar is de droomperiode om te wandelen zonder te lijden onder de hitte, rustige kanotochten op de rivier te organiseren, de middeleeuwse kastelen in de vallei te bezoeken en getuige te zijn van de druivenoogst of het traditionele paddenstoelen plukken in het bos.<\/p>\n        <p class=\"faq-expertise\"><strong>Ons advies als locals:<\/strong> Als bewoners van de C\u00e9ou-vallei sinds drie generaties delen we bij de receptie graag onze geheime wandelroutes en adressen van lokale wijnboeren met u.<\/p>\n      <\/div>\n    <\/div>\n  <\/div>\n\n  <div class=\"faq-cta\"><p>Meer vragen? <a href=\"https:\/\/campingmaisonneuve.com\/nl\/vgv\/\" class=\"faq-cta-link\" rel=\"noopener\">Raadpleeg alle veelgestelde vragen<\/a> of <a href=\"https:\/\/campingmaisonneuve.com\/nl\/contact-en-toegang\/\" class=\"faq-cta-link\" rel=\"noopener\">neem rechtstreeks contact met ons op<\/a>.<\/p><\/div>\n<\/div>\n<style>\n  .faq-container {\n    max-width: 900px !important;\n    margin: 2rem auto 4rem !important;\n    padding: 2rem 1rem !important;\n    font-family: -apple-system, BlinkMacSystemFont, 'Segoe UI', Roboto, 'Helvetica Neue', Arial, sans-serif !important;\n    line-height: 1.7 !important;\n    background-color: transparent !important;\n  }\n  .faq-title {\n    font-size: 2rem !important;\n    font-weight: 700 !important;\n    color: #000000 !important;\n    text-align: center !important;\n    margin-bottom: 0.5rem !important;\n  }\n  .faq-subtitle {\n    text-align: center !important;\n    margin-bottom: 2rem !important;\n    color: #333333 !important;\n    font-weight: 500 !important;\n  }\n  .faq-subtitle strong {\n    font-weight: 600 !important;\n    color: #000000 !important;\n  }\n  .faq-item {\n    background: #ffffff !important;\n    border: 2px solid #e5e5e5 !important;\n    border-radius: 12px !important;\n    margin-bottom: 1rem !important;\n    overflow: hidden !important;\n    transition: all 0.3s ease !important;\n    box-shadow: none !important;\n  }\n  .faq-item:hover {\n    box-shadow: 0 4px 12px rgba(0, 0, 0, 0.1) !important;\n    border-color: #c0c0c0 !important;\n  }\n  .faq-item[aria-expanded=\"true\"] {\n    border-color: #c0c0c0 !important;\n    box-shadow: 0 6px 20px rgba(0, 0, 0, 0.15) !important;\n  }\n  .faq-question {\n    width: 100% !important;\n    background: transparent !important;\n    border: none !important;\n    padding: 1.75rem 2rem !important;\n    cursor: pointer !important;\n    display: flex !important;\n    justify-content: space-between !important;\n    align-items: flex-start !important;\n    gap: 1rem !important;\n    color: #000000 !important;\n    text-align: left !important;\n  }\n  .faq-question:hover {\n    background: rgba(0, 0, 0, 0.03) !important;\n  }\n  .faq-question:focus {\n    outline: 3px solid #758E8C !important;\n    outline-offset: -3px;\n  }\n  .faq-question h3 {\n    all: unset;\n    font-size: 1.15rem !important;\n    font-weight: 700 !important;\n    margin: 0 !important;\n    color: #000000 !important;\n    line-height: 1.5 !important;\n    flex: 1 !important;\n    cursor: pointer !important;\n  }\n  .faq-question h3 strong {\n    font-weight: 900 !important;\n    color: #000000 !important;\n    font-size: 1.4rem;\n  }\n  .faq-icon {\n    flex-shrink: 0 !important;\n    width: 24px !important;\n    height: 24px !important;\n    transition: transform 0.4s cubic-bezier(0.4, 0, 0.2, 1) !important;\n    color: #666666 !important;\n    margin-top: 2px !important;\n  }\n  .faq-item[aria-expanded=\"true\"] .faq-icon {\n    transform: rotate(180deg) !important;\n    color: #000000 !important;\n  }\n  .faq-answer {\n    max-height: 0 !important;\n    overflow: hidden !important;\n    padding: 0 2rem !important;\n    color: #000000 !important;\n    opacity: 0 !important;\n    transition: opacity 1.134s linear, max-height 1.134s cubic-bezier(0.16, 1, 0.3, 1), padding 1.134s cubic-bezier(0.16, 1, 0.3, 1) !important;\n    background: transparent !important;\n    will-change: max-height, opacity, padding !important;\n  }\n  .faq-item[aria-expanded=\"true\"] .faq-answer {\n    max-height: 2000px !important;\n    padding: 0 2rem 2rem 2rem !important;\n    opacity: 1 !important;\n    transition: opacity 1.134s linear, max-height 1.134s cubic-bezier(0.16, 1, 0.3, 1), padding 1.134s cubic-bezier(0.16, 1, 0.3, 1) !important;\n  }\n  .faq-answer-content {\n    padding-top: 0 !important;\n    color: #000000 !important;\n    font-size: 1.05rem !important;\n    line-height: 1.8 !important;\n  }\n  .faq-answer-content p {\n    margin: 0 0 1rem 0 !important;\n    color: #000000 !important;\n  }\n  .faq-answer-content p:last-child {\n    margin-bottom: 0 !important;\n  }\n  .faq-answer-content strong {\n    font-weight: 900 !important;\n    color: #000000 !important;\n    font-size: 1.4rem;\n  }\n  .faq-answer-content ul {\n    margin: 1rem 0 1rem 2rem !important;\n    padding: 0 !important;\n  }\n  .faq-answer-content li {\n    margin: 0.5rem 0 !important;\n    color: #000000 !important;\n  }\n  .faq-expertise {\n    font-style: italic !important;\n    color: #333333 !important;\n    margin-top: 1.25rem !important;\n    padding: 1rem !important;\n    background: #f9f9f9 !important;\n    border-radius: 8px !important;\n    border-left: 4px solid #cccccc !important;\n    font-size: 1.01rem !important;\n  }\n  .faq-expertise strong {\n    font-weight: 600 !important;\n    font-style: italic !important;\n    color: #000000 !important;\n  }\n  .faq-link {\n    color: #0000EE !important;\n    text-decoration: underline !important;\n    font-weight: 600 !important;\n    transition: all 0.3s ease !important;\n    cursor: pointer !important;\n  }\n  .faq-link:hover {\n    color: #758E8C !important;\n    text-decoration: underline !important;\n  }\n  .faq-link:focus {\n    outline: 2px solid #758E8C !important;\n    outline-offset: 4px;\n    border-radius: 2px;\n  }\n  .faq-cta {\n    text-align: center !important;\n    font-weight: 600 !important;\n    margin-top: 3rem !important;\n    background-color: #f5f5f5 !important;\n    box-shadow: 0 2px 8px rgba(0, 0, 0, 0.08) !important;\n    padding: 1.5rem !important;\n    border-radius: 12px !important;\n    border: 2px solid #e0e0e0 !important;\n  }\n  .faq-cta p {\n    margin: 0 !important;\n    font-size: 1.1rem !important;\n    color: #000000 !important;\n  }\n  .faq-cta-link {\n    color: #0000EE !important;\n    text-decoration: underline !important;\n    font-weight: 700 !important;\n    transition: all 0.3s ease !important;\n    padding-bottom: 2px !important;\n    cursor: pointer !important;\n  }\n  .faq-cta-link:hover {\n    color: #758E8C !important;\n    text-decoration: underline !important;\n  }\n  .faq-cta-link:focus {\n    outline: 2px solid #758E8C !important;\n    outline-offset: 4px;\n  }\n  @media (max-width: 768px) {\n    .faq-container {\n      padding: 1.25rem 1rem !important;\n      margin: 1.25rem auto 2.5rem !important;\n    }\n    .faq-title {\n      font-size: 1.75rem !important;\n    }\n    .faq-subtitle {\n      font-size: 1rem !important;\n    }\n    .faq-question {\n      padding: 1.125rem 1rem !important;\n      gap: 0.75rem !important;\n    }\n    .faq-question h3 {\n      font-size: 1.05rem !important;\n    }\n    .faq-answer {\n      padding: 0 1rem !important;\n    }\n    .faq-item[aria-expanded=\"true\"] .faq-answer {\n      padding: 0 1rem 1.25rem 1rem !important;\n    }\n    .faq-answer-content {\n      font-size: 1rem !important;\n    }\n    .faq-expertise {\n      font-size: 0.95rem !important;\n      padding: 0.75rem !important;\n    }\n    .faq-cta {\n      padding: 1.25rem 1rem !important;\n    }\n    .faq-cta p {\n      font-size: 1rem !important;\n    }\n  }\n  @media (max-width: 480px) {\n    .faq-title {\n      font-size: 1.5rem !important;\n    }\n    .faq-question h3 {\n      font-size: 0.98rem !important;\n    }\n    .faq-answer-content {\n      font-size: 0.95rem !important;\n    }\n  }\n  @media (prefers-reduced-motion: reduce) {\n    .faq-item,\n    .faq-question,\n    .faq-answer,\n    .faq-icon,\n    .faq-link {\n      transition: none !important;\n    }\n  }\n  @media print {\n    .faq-item {\n      border: 1px solid #000;\n      page-break-inside: avoid;\n    }\n    .faq-answer {\n      max-height: none !important;\n      display: block !important;\n    }\n    .faq-icon {\n      display: none;\n    }\n  }\n<\/style>\n<script>\n  document.addEventListener('DOMContentLoaded', () => {\n    const faqItems = document.querySelectorAll('.faq-item');\n    faqItems.forEach(item => {\n      const button = item.querySelector('.faq-question');\n      const answer = item.querySelector('.faq-answer');\n      button.addEventListener('click', () => {\n        const isExpanded = item.getAttribute('aria-expanded') === 'true';\n        faqItems.forEach(otherItem => {\n          if (otherItem !== item) {\n            otherItem.querySelector('.faq-question').setAttribute('aria-expanded', 'false');\n            otherItem.setAttribute('aria-expanded', 'false');\n            setTimeout(() => { otherItem.querySelector('.faq-answer').setAttribute('hidden', ''); }, 1200);\n          }\n        });\n        if (isExpanded) {\n          button.setAttribute('aria-expanded', 'false');\n          item.setAttribute('aria-expanded', 'false');\n          setTimeout(() => { answer.setAttribute('hidden', ''); }, 1200);\n        } else {\n          answer.removeAttribute('hidden');\n          void answer.offsetHeight;\n          button.setAttribute('aria-expanded', 'true');\n          item.setAttribute('aria-expanded', 'true');\n        }\n      });\n      button.addEventListener('keydown', (e) => {\n        if (e.key === 'Enter' || e.key === ' ') { e.preventDefault(); button.click(); }\n      });\n    });\n    document.querySelectorAll('.faq-link, .faq-cta-link').forEach(link => {\n      link.addEventListener('keydown', (e) => { if (e.key === ' ') { e.preventDefault(); link.click(); } });\n    });\n    const smoothScrollTo = (targetPosition, duration = 800) => {\n      const startPosition = window.pageYOffset;\n      const distance = targetPosition - startPosition;\n      let startTime = null;\n      const easeInOutCubic = (t) => t < 0.5 ? 4 * t * t * t : 1 - Math.pow(-2 * t + 2, 3) \/ 2;\n      const animation = (currentTime) => {\n        if (startTime === null) startTime = currentTime;\n        const timeElapsed = currentTime - startTime;\n        const progress = Math.min(timeElapsed \/ duration, 1);\n        window.scrollTo(0, startPosition + (distance * easeInOutCubic(progress)));\n        if (timeElapsed < duration) requestAnimationFrame(animation);\n      };\n      requestAnimationFrame(animation);\n    };\n    const handleHashNavigation = () => {\n      const hash = window.location.hash;\n      if (hash && hash.startsWith('#faq')) {\n        if (hash === '#faq-section') {\n          const s = document.getElementById('faq-section');\n          if (s) smoothScrollTo(s.getBoundingClientRect().top + window.pageYOffset - 100, 1000);\n        } else {\n          const targetItem = document.getElementById(hash.substring(1));\n          if (targetItem && targetItem.classList.contains('faq-item')) {\n            faqItems.forEach(item => {\n              item.querySelector('.faq-question').setAttribute('aria-expanded', 'false');\n              item.setAttribute('aria-expanded', 'false');\n              setTimeout(() => { item.querySelector('.faq-answer').setAttribute('hidden', ''); }, 1260);\n            });\n            setTimeout(() => {\n              const tBtn = targetItem.querySelector('.faq-question');\n              const tAns = targetItem.querySelector('.faq-answer');\n              tAns.removeAttribute('hidden');\n              void tAns.offsetHeight;\n              tBtn.setAttribute('aria-expanded', 'true');\n              targetItem.setAttribute('aria-expanded', 'true');\n            }, 150);\n            setTimeout(() => {\n              smoothScrollTo(targetItem.getBoundingClientRect().top + window.pageYOffset - 200, 1200);\n            }, 150);\n          }\n        }\n      }\n    };\n    handleHashNavigation();\n    window.addEventListener('hashchange', handleHashNavigation);\n  });\n<\/script>\n\t\t<\/div>\n\t\t\t\t<\/div>\n\t\t\t\t\t<\/div>\n\t\t\t\t<\/div>\n\t\t\t\t\t\t\t<\/div>\n\t\t","protected":false},"excerpt":{"rendered":"<p>7 goede redenen om in september op vakantie te gaan, in het hart van de P\u00e9rigord Noir \u00a0 De zomer loopt ten einde&#8230; En toch is dit precies het moment waarop \u00e9\u00e9n van de mooiste seizoenen om op vakantie te gaan begint. September biedt een unieke ervaring, vooral op een plek die zo rijk is [&hellip;]<\/p>\n","protected":false},"author":1,"featured_media":0,"parent":0,"menu_order":0,"comment_status":"closed","ping_status":"closed","template":"","meta":{"footnotes":""},"class_list":["post-9554","page","type-page","status-publish","hentry","post-no-thumbnail"],"_links":{"self":[{"href":"https:\/\/campingmaisonneuve.com\/nl\/wp-json\/wp\/v2\/pages\/9554","targetHints":{"allow":["GET"]}}],"collection":[{"href":"https:\/\/campingmaisonneuve.com\/nl\/wp-json\/wp\/v2\/pages"}],"about":[{"href":"https:\/\/campingmaisonneuve.com\/nl\/wp-json\/wp\/v2\/types\/page"}],"author":[{"embeddable":true,"href":"https:\/\/campingmaisonneuve.com\/nl\/wp-json\/wp\/v2\/users\/1"}],"replies":[{"embeddable":true,"href":"https:\/\/campingmaisonneuve.com\/nl\/wp-json\/wp\/v2\/comments?post=9554"}],"version-history":[{"count":8,"href":"https:\/\/campingmaisonneuve.com\/nl\/wp-json\/wp\/v2\/pages\/9554\/revisions"}],"predecessor-version":[{"id":13785,"href":"https:\/\/campingmaisonneuve.com\/nl\/wp-json\/wp\/v2\/pages\/9554\/revisions\/13785"}],"wp:attachment":[{"href":"https:\/\/campingmaisonneuve.com\/nl\/wp-json\/wp\/v2\/media?parent=9554"}],"curies":[{"name":"wp","href":"https:\/\/api.w.org\/{rel}","templated":true}]}}